{"id":1871,"date":"2025-02-18T18:04:31","date_gmt":"2025-02-18T17:04:31","guid":{"rendered":"https:\/\/inprincipo2024.inprincipo.com\/?page_id=1871"},"modified":"2025-02-18T18:04:31","modified_gmt":"2025-02-18T17:04:31","slug":"ecosystemes","status":"publish","type":"page","link":"https:\/\/inprincipo2024.inprincipo.com\/index.php\/ecosystemes\/","title":{"rendered":"\u00c9COSYST\u00c8MES"},"content":{"rendered":"","protected":false},"excerpt":{"rendered":"","protected":false},"author":1,"featured_media":0,"parent":0,"menu_order":0,"comment_status":"closed","ping_status":"closed","template":"wp-custom-template-horizontale-ecosystemes","meta":{"_themeisle_gutenberg_block_has_review":false,"footnotes":""},"class_list":["post-1871","page","type-page","status-publish","hentry"],"jetpack-related-posts":[{"id":1865,"url":"https:\/\/inprincipo2024.inprincipo.com\/index.php\/comment-apprivoiser-la-puissance-regeneratrice-des-ecosystemes\/","url_meta":{"origin":1871,"position":0},"title":"Comment apprivoiser la puissance r\u00e9g\u00e9n\u00e9ratrice des \u00e9cosyst\u00e8mes\u00a0?","author":"In Principo","date":"18 f\u00e9vrier 2025","format":false,"excerpt":"\u00c9cosyst\u00e8me ! Un mot valise aujourd'hui tiraill\u00e9 entre les territoires d\u2019innovation g\u00e9n\u00e9rateurs de startups et les milieux naturels vivants et menac\u00e9s par les exc\u00e8s de nos activit\u00e9s humaines.\u00a0 L\u2019\u00e9cosyst\u00e8me est inspirant car il proc\u00e8de du vivant. L\u2019\u00e9cosyst\u00e8me n\u2019est pas un processus, c\u2019est une dynamique qui engendre, qui cr\u00e9e, qui \u00e9chappe\u2026","rel":"","context":"Article similaire","block_context":{"text":"Article similaire","link":""},"img":{"alt_text":"","src":"","width":0,"height":0},"classes":[]},{"id":271,"url":"https:\/\/inprincipo2024.inprincipo.com\/index.php\/lecosysteme\/","url_meta":{"origin":1871,"position":1},"title":"L&rsquo;\u00c9COSYST\u00c8ME","author":"In Principo","date":"8 septembre 2024","format":false,"excerpt":"La performance by In Principo, on vous le dit de suite, c\u2019est tout un concept. Parce que dans l\u2019entreprise, la performance est multiple, et plus que toute autre se d\u00e9cline en fonction des valeurs et de la culture de l\u2019entreprise : sociale, financi\u00e8re, op\u00e9rationnelle, \u00e9conomique\u2026 Mais quelle qu\u2019elle soit, elle\u2026","rel":"","context":"Article similaire","block_context":{"text":"Article similaire","link":""},"img":{"alt_text":"","src":"https:\/\/i0.wp.com\/inprincipo2024.inprincipo.com\/wp-content\/uploads\/2024\/09\/INP-Energie-600x600-1.png?resize=350%2C200&ssl=1","width":350,"height":200,"srcset":"https:\/\/i0.wp.com\/inprincipo2024.inprincipo.com\/wp-content\/uploads\/2024\/09\/INP-Energie-600x600-1.png?resize=350%2C200&ssl=1 1x, https:\/\/i0.wp.com\/inprincipo2024.inprincipo.com\/wp-content\/uploads\/2024\/09\/INP-Energie-600x600-1.png?resize=525%2C300&ssl=1 1.5x"},"classes":[]},{"id":405,"url":"https:\/\/inprincipo2024.inprincipo.com\/index.php\/le-labo-dorleans-metropole\/","url_meta":{"origin":1871,"position":2},"title":"LE LAB\u2019O D\u2019ORL\u00c9ANS M\u00c9TROPOLE\u00a0","author":"In Principo","date":"13 septembre 2024","format":false,"excerpt":"Repositionner un incubateur num\u00e9rique en c\u0153ur d\u2019\u00e9cosyst\u00e8me d\u2019innovation\u00a0du territoire Nous sommes en 2018, Le LAB\u2019O Village By CA, vient de f\u00eater ses 2 ans d\u2019existence. Il porte tous les espoirs de la dynamique d\u2019innovation du territoire\u00a0: 14.000 m2\u00a0d\u00e9di\u00e9s aux startups et \u00e0 l\u2019innovation sur les bords de la Loire dans\u2026","rel":"","context":"Article similaire","block_context":{"text":"Article similaire","link":""},"img":{"alt_text":"","src":"https:\/\/i0.wp.com\/inprincipo2024.inprincipo.com\/wp-content\/uploads\/2024\/09\/INP-LABO-logo-1200x630-1.jpg?fit=1200%2C630&ssl=1&resize=350%2C200","width":350,"height":200,"srcset":"https:\/\/i0.wp.com\/inprincipo2024.inprincipo.com\/wp-content\/uploads\/2024\/09\/INP-LABO-logo-1200x630-1.jpg?fit=1200%2C630&ssl=1&resize=350%2C200 1x, https:\/\/i0.wp.com\/inprincipo2024.inprincipo.com\/wp-content\/uploads\/2024\/09\/INP-LABO-logo-1200x630-1.jpg?fit=1200%2C630&ssl=1&resize=525%2C300 1.5x, https:\/\/i0.wp.com\/inprincipo2024.inprincipo.com\/wp-content\/uploads\/2024\/09\/INP-LABO-logo-1200x630-1.jpg?fit=1200%2C630&ssl=1&resize=700%2C400 2x, https:\/\/i0.wp.com\/inprincipo2024.inprincipo.com\/wp-content\/uploads\/2024\/09\/INP-LABO-logo-1200x630-1.jpg?fit=1200%2C630&ssl=1&resize=1050%2C600 3x"},"classes":[]},{"id":1868,"url":"https:\/\/inprincipo2024.inprincipo.com\/index.php\/repositionner-un-incubateur-numerique-en-coeur-decosysteme-dinnovation\/","url_meta":{"origin":1871,"position":3},"title":"Repositionner un incubateur num\u00e9rique en c\u0153ur d\u2019\u00e9cosyst\u00e8me d\u2019innovation\u00a0","author":"In Principo","date":"18 f\u00e9vrier 2025","format":false,"excerpt":"Nous sommes en 2018, Le LAB\u2019O Village By CA, vient de f\u00eater ses 2 ans d\u2019existence. Il porte tous les espoirs de la dynamique d\u2019innovation du territoire\u00a0: 14.000 m2\u00a0d\u00e9di\u00e9s aux startups et \u00e0 l\u2019innovation sur les bords de la Loire dans un ancien Labo pharmaceutique enti\u00e8rement r\u00e9nov\u00e9, le label French\u2026","rel":"","context":"Article similaire","block_context":{"text":"Article similaire","link":""},"img":{"alt_text":"","src":"","width":0,"height":0},"classes":[]},{"id":1091,"url":"https:\/\/inprincipo2024.inprincipo.com\/index.php\/nos-partenaires\/","url_meta":{"origin":1871,"position":4},"title":"NOS PARTENAIRES","author":"In Principo","date":"9 octobre 2024","format":false,"excerpt":"QUI SOMMES-NOUS ? L'\u00c9QUIPE UN PEU D'HISTOIRE NOS PARTENAIRES In Principo en France www.inprincipo.com In Principo Paris60 rue de Richelieu75002 PARIS+33 1 53 05 99 75 In Principo Lyon3 cours Charlemagne69003 LYON In Principo Hauts de FranceCampus AGROTECHSquare Eug\u00e8ne Thomas\u00a059780 Willems\u00a0 In Principo Laval(en cours) In Principo s\u2019appuie sur un\u2026","rel":"","context":"Article similaire","block_context":{"text":"Article similaire","link":""},"img":{"alt_text":"","src":"","width":0,"height":0},"classes":[]},{"id":1061,"url":"https:\/\/inprincipo2024.inprincipo.com\/index.php\/un-peu-dhistoire\/","url_meta":{"origin":1871,"position":5},"title":"UN PEU D&rsquo;HISTOIRE","author":"In Principo","date":"9 octobre 2024","format":false,"excerpt":"QUI SOMMES-NOUS ? L'\u00c9QUIPE UN PEU D'HISTOIRE NOS PARTENAIRES In Principo en France www.inprincipo.com In Principo Paris60 rue de Richelieu75002 PARIS+33 1 53 05 99 75 In Principo Lyon3 cours Charlemagne69003 LYON In Principo Hauts de FranceCampus AGROTECHSquare Eug\u00e8ne Thomas\u00a059780 Willems\u00a0 In Principo Laval(en cours) Fond\u00e9e en 2002, In Principo\u2026","rel":"","context":"Article similaire","block_context":{"text":"Article similaire","link":""},"img":{"alt_text":"","src":"","width":0,"height":0},"classes":[]}],"jetpack_sharing_enabled":true,"_links":{"self":[{"href":"https:\/\/inprincipo2024.inprincipo.com\/index.php\/wp-json\/wp\/v2\/pages\/1871","targetHints":{"allow":["GET"]}}],"collection":[{"href":"https:\/\/inprincipo2024.inprincipo.com\/index.php\/wp-json\/wp\/v2\/pages"}],"about":[{"href":"https:\/\/inprincipo2024.inprincipo.com\/index.php\/wp-json\/wp\/v2\/types\/page"}],"author":[{"embeddable":true,"href":"https:\/\/inprincipo2024.inprincipo.com\/index.php\/wp-json\/wp\/v2\/users\/1"}],"replies":[{"embeddable":true,"href":"https:\/\/inprincipo2024.inprincipo.com\/index.php\/wp-json\/wp\/v2\/comments?post=1871"}],"version-history":[{"count":1,"href":"https:\/\/inprincipo2024.inprincipo.com\/index.php\/wp-json\/wp\/v2\/pages\/1871\/revisions"}],"predecessor-version":[{"id":1873,"href":"https:\/\/inprincipo2024.inprincipo.com\/index.php\/wp-json\/wp\/v2\/pages\/1871\/revisions\/1873"}],"wp:attachment":[{"href":"https:\/\/inprincipo2024.inprincipo.com\/index.php\/wp-json\/wp\/v2\/media?parent=1871"}],"curies":[{"name":"wp","href":"https:\/\/api.w.org\/{rel}","templated":true}]}}