{"id":1858,"date":"2025-02-18T17:54:42","date_gmt":"2025-02-18T16:54:42","guid":{"rendered":"https:\/\/inprincipo2024.inprincipo.com\/?page_id=1858"},"modified":"2025-02-18T17:54:42","modified_gmt":"2025-02-18T16:54:42","slug":"communication","status":"publish","type":"page","link":"https:\/\/inprincipo2024.inprincipo.com\/index.php\/communication\/","title":{"rendered":"COMMUNICATION"},"content":{"rendered":"","protected":false},"excerpt":{"rendered":"","protected":false},"author":1,"featured_media":0,"parent":0,"menu_order":0,"comment_status":"closed","ping_status":"closed","template":"wp-custom-template-horizontale-communication","meta":{"_themeisle_gutenberg_block_has_review":false,"footnotes":""},"class_list":["post-1858","page","type-page","status-publish","hentry"],"jetpack-related-posts":[{"id":1848,"url":"https:\/\/inprincipo2024.inprincipo.com\/index.php\/communiquer-en-puissance-et-en-authenticite\/","url_meta":{"origin":1858,"position":0},"title":"Communiquer en puissance et en authenticit\u00e9","author":"In Principo","date":"18 f\u00e9vrier 2025","format":false,"excerpt":"Tout a d\u00e9j\u00e0 \u00e9t\u00e9 \u00e9crit sur la communication. Pourtant, nous le voyons tous les jours, il y a celles qui marchent et les autres. Il y a celles qui sont justes, authentiques, puissantes, ancr\u00e9es et celles qui sont ce que l\u2019on appelle de la \u00ab\u00a0comm\u2019\u00a0\u00bb\u2026\u00a0 Communiquer pour une organisation est\u2026","rel":"","context":"Article similaire","block_context":{"text":"Article similaire","link":""},"img":{"alt_text":"","src":"","width":0,"height":0},"classes":[]},{"id":1851,"url":"https:\/\/inprincipo2024.inprincipo.com\/index.php\/comment-reinventer-la-communication-dune-institution-dont-la-mission-est-precisement-le-dialogue-entre-les-parties-prenantes\/","url_meta":{"origin":1858,"position":1},"title":"Comment r\u00e9inventer la communication d\u2019une Institution dont la mission est pr\u00e9cis\u00e9ment le dialogue entre les parties prenantes\u00a0?","author":"In Principo","date":"18 f\u00e9vrier 2025","format":false,"excerpt":"La Commission Nationale du D\u00e9bat Public \u2013 connue sous son acronyme la CNDP \u2013 est l\u2019autorit\u00e9 ind\u00e9pendante garante du droit \u00e0 l\u2019information et \u00e0 la participation du public sur l\u2019\u00e9laboration des projets et des politiques publiques ayant un impact sur l\u2019environnement. En 2020, \u00e0 la veille de ses 25 ans,\u2026","rel":"","context":"Article similaire","block_context":{"text":"Article similaire","link":""},"img":{"alt_text":"","src":"https:\/\/i0.wp.com\/inprincipo2024.inprincipo.com\/wp-content\/uploads\/2025\/02\/CNDP.jpg?resize=350%2C200&ssl=1","width":350,"height":200,"srcset":"https:\/\/i0.wp.com\/inprincipo2024.inprincipo.com\/wp-content\/uploads\/2025\/02\/CNDP.jpg?resize=350%2C200&ssl=1 1x, https:\/\/i0.wp.com\/inprincipo2024.inprincipo.com\/wp-content\/uploads\/2025\/02\/CNDP.jpg?resize=525%2C300&ssl=1 1.5x, https:\/\/i0.wp.com\/inprincipo2024.inprincipo.com\/wp-content\/uploads\/2025\/02\/CNDP.jpg?resize=700%2C400&ssl=1 2x"},"classes":[]},{"id":1868,"url":"https:\/\/inprincipo2024.inprincipo.com\/index.php\/repositionner-un-incubateur-numerique-en-coeur-decosysteme-dinnovation\/","url_meta":{"origin":1858,"position":2},"title":"Repositionner un incubateur num\u00e9rique en c\u0153ur d\u2019\u00e9cosyst\u00e8me d\u2019innovation\u00a0","author":"In Principo","date":"18 f\u00e9vrier 2025","format":false,"excerpt":"Nous sommes en 2018, Le LAB\u2019O Village By CA, vient de f\u00eater ses 2 ans d\u2019existence. Il porte tous les espoirs de la dynamique d\u2019innovation du territoire\u00a0: 14.000 m2\u00a0d\u00e9di\u00e9s aux startups et \u00e0 l\u2019innovation sur les bords de la Loire dans un ancien Labo pharmaceutique enti\u00e8rement r\u00e9nov\u00e9, le label French\u2026","rel":"","context":"Article similaire","block_context":{"text":"Article similaire","link":""},"img":{"alt_text":"","src":"","width":0,"height":0},"classes":[]},{"id":2237,"url":"https:\/\/inprincipo2024.inprincipo.com\/index.php\/rte-accelerer-la-transition-energetique-par-linnovation-collaborative\/","url_meta":{"origin":1858,"position":3},"title":"RTE : acc\u00e9l\u00e9rer la transition \u00e9nerg\u00e9tique par l&rsquo;innovation collaborative","author":"Olivier Reaud","date":"8 mars 2025","format":false,"excerpt":"La transition est loin d\u2019\u00eatre neutre pour le transport de l\u2019\u00e9lectricit\u00e9. La travers\u00e9 du milieu matin pour relier les parcs \u00e9oliens posent des questions autant techniques qu\u2019\u00e9thiques, la sollicitation des flux intermittents des ENR acc\u00e9l\u00e8re la corrosion et \u00e9prouve les infrastructures autant techniquement qu\u2019\u00e9conomiquement. Comment avancer \u00e0 pas de g\u00e9ant\u2026","rel":"","context":"Article similaire","block_context":{"text":"Article similaire","link":""},"img":{"alt_text":"","src":"","width":0,"height":0},"classes":[]},{"id":2488,"url":"https:\/\/inprincipo2024.inprincipo.com\/index.php\/veille-strategique-grand-groupe\/","url_meta":{"origin":1858,"position":4},"title":"VEILLE STRAT\u00c9GIQUE GRAND GROUPE\u00a0","author":"Olivier Reaud","date":"11 mars 2025","format":false,"excerpt":"Comment passer d\u2019une information strat\u00e9gique cloisonn\u00e9e \u00e0 la mutualisation pour cr\u00e9er les conditions d\u2019une gouvernance partag\u00e9e et augment\u00e9e\u00a0? La force d\u2019un Grand Groupe est de rassembler des activit\u00e9s diff\u00e9rentes autour d\u2019un m\u00eame projet strat\u00e9gique, d\u2019\u00eatre pr\u00e9sent dans des secteurs d\u2019activit\u00e9s aux rythmes d\u2019\u00e9volutions compl\u00e9mentaires, dans une diversit\u00e9 de g\u00e9ographies o\u00f9\u2026","rel":"","context":"Article similaire","block_context":{"text":"Article similaire","link":""},"img":{"alt_text":"","src":"https:\/\/i0.wp.com\/inprincipo2024.inprincipo.com\/wp-content\/uploads\/2025\/03\/IMG_1702-scaled.jpeg?resize=350%2C200&ssl=1","width":350,"height":200,"srcset":"https:\/\/i0.wp.com\/inprincipo2024.inprincipo.com\/wp-content\/uploads\/2025\/03\/IMG_1702-scaled.jpeg?resize=350%2C200&ssl=1 1x, https:\/\/i0.wp.com\/inprincipo2024.inprincipo.com\/wp-content\/uploads\/2025\/03\/IMG_1702-scaled.jpeg?resize=525%2C300&ssl=1 1.5x, https:\/\/i0.wp.com\/inprincipo2024.inprincipo.com\/wp-content\/uploads\/2025\/03\/IMG_1702-scaled.jpeg?resize=700%2C400&ssl=1 2x, https:\/\/i0.wp.com\/inprincipo2024.inprincipo.com\/wp-content\/uploads\/2025\/03\/IMG_1702-scaled.jpeg?resize=1050%2C600&ssl=1 3x, https:\/\/i0.wp.com\/inprincipo2024.inprincipo.com\/wp-content\/uploads\/2025\/03\/IMG_1702-scaled.jpeg?resize=1400%2C800&ssl=1 4x"},"classes":[]},{"id":405,"url":"https:\/\/inprincipo2024.inprincipo.com\/index.php\/le-labo-dorleans-metropole\/","url_meta":{"origin":1858,"position":5},"title":"LE LAB\u2019O D\u2019ORL\u00c9ANS M\u00c9TROPOLE\u00a0","author":"In Principo","date":"13 septembre 2024","format":false,"excerpt":"Repositionner un incubateur num\u00e9rique en c\u0153ur d\u2019\u00e9cosyst\u00e8me d\u2019innovation\u00a0du territoire Nous sommes en 2018, Le LAB\u2019O Village By CA, vient de f\u00eater ses 2 ans d\u2019existence. Il porte tous les espoirs de la dynamique d\u2019innovation du territoire\u00a0: 14.000 m2\u00a0d\u00e9di\u00e9s aux startups et \u00e0 l\u2019innovation sur les bords de la Loire dans\u2026","rel":"","context":"Article similaire","block_context":{"text":"Article similaire","link":""},"img":{"alt_text":"","src":"https:\/\/i0.wp.com\/inprincipo2024.inprincipo.com\/wp-content\/uploads\/2024\/09\/INP-LABO-logo-1200x630-1.jpg?fit=1200%2C630&ssl=1&resize=350%2C200","width":350,"height":200,"srcset":"https:\/\/i0.wp.com\/inprincipo2024.inprincipo.com\/wp-content\/uploads\/2024\/09\/INP-LABO-logo-1200x630-1.jpg?fit=1200%2C630&ssl=1&resize=350%2C200 1x, https:\/\/i0.wp.com\/inprincipo2024.inprincipo.com\/wp-content\/uploads\/2024\/09\/INP-LABO-logo-1200x630-1.jpg?fit=1200%2C630&ssl=1&resize=525%2C300 1.5x, https:\/\/i0.wp.com\/inprincipo2024.inprincipo.com\/wp-content\/uploads\/2024\/09\/INP-LABO-logo-1200x630-1.jpg?fit=1200%2C630&ssl=1&resize=700%2C400 2x, https:\/\/i0.wp.com\/inprincipo2024.inprincipo.com\/wp-content\/uploads\/2024\/09\/INP-LABO-logo-1200x630-1.jpg?fit=1200%2C630&ssl=1&resize=1050%2C600 3x"},"classes":[]}],"jetpack_sharing_enabled":true,"_links":{"self":[{"href":"https:\/\/inprincipo2024.inprincipo.com\/index.php\/wp-json\/wp\/v2\/pages\/1858","targetHints":{"allow":["GET"]}}],"collection":[{"href":"https:\/\/inprincipo2024.inprincipo.com\/index.php\/wp-json\/wp\/v2\/pages"}],"about":[{"href":"https:\/\/inprincipo2024.inprincipo.com\/index.php\/wp-json\/wp\/v2\/types\/page"}],"author":[{"embeddable":true,"href":"https:\/\/inprincipo2024.inprincipo.com\/index.php\/wp-json\/wp\/v2\/users\/1"}],"replies":[{"embeddable":true,"href":"https:\/\/inprincipo2024.inprincipo.com\/index.php\/wp-json\/wp\/v2\/comments?post=1858"}],"version-history":[{"count":1,"href":"https:\/\/inprincipo2024.inprincipo.com\/index.php\/wp-json\/wp\/v2\/pages\/1858\/revisions"}],"predecessor-version":[{"id":1860,"href":"https:\/\/inprincipo2024.inprincipo.com\/index.php\/wp-json\/wp\/v2\/pages\/1858\/revisions\/1860"}],"wp:attachment":[{"href":"https:\/\/inprincipo2024.inprincipo.com\/index.php\/wp-json\/wp\/v2\/media?parent=1858"}],"curies":[{"name":"wp","href":"https:\/\/api.w.org\/{rel}","templated":true}]}}