{"id":1848,"date":"2025-02-18T17:43:37","date_gmt":"2025-02-18T16:43:37","guid":{"rendered":"https:\/\/inprincipo2024.inprincipo.com\/?page_id=1848"},"modified":"2025-03-07T14:35:45","modified_gmt":"2025-03-07T13:35:45","slug":"communiquer-en-puissance-et-en-authenticite","status":"publish","type":"page","link":"https:\/\/inprincipo2024.inprincipo.com\/index.php\/communiquer-en-puissance-et-en-authenticite\/","title":{"rendered":"Communiquer en puissance et en authenticit\u00e9"},"content":{"rendered":"\n<p>Tout a d\u00e9j\u00e0 \u00e9t\u00e9 \u00e9crit sur la communication. Pourtant, nous le voyons tous les jours, il y a celles qui marchent et les autres. Il y a celles qui sont justes, authentiques, puissantes, ancr\u00e9es et celles qui sont ce que l\u2019on appelle de la \u00ab&nbsp;comm\u2019&nbsp;\u00bb\u2026&nbsp;<\/p>\n\n\n\n<p><strong>Communiquer pour une organisation est un acte existentiel\u00a0: il fait plus qu\u2019engager l\u2019organisation vers ses destinataires ou vers ses acteurs internes. Il lui permet d\u2019exister. Communiquer d\u00e9passe la question des techniques, des technologies et des expertises. C\u2019est la relation entre ceux qui constituent le c\u0153ur vivant de l\u2019organisation et la grande diversit\u00e9 de ses parties prenantes, individus, collectifs.<\/strong><\/p>\n\n\n\n<p><\/p>\n\n\n\n<h2 class=\"wp-block-heading\">Une d\u00e9marche ancr\u00e9e dans le collectif<\/h2>\n\n\n\n<p>Beaucoup prennent conscience aujourd\u2019hui que pour que cet acte soit authentique et puissant, il doit \u00eatre pleinement port\u00e9 par ses acteurs, assum\u00e9 par le collectif. Intervient ici une deuxi\u00e8me prise de conscience : savoir bien communiquer est un m\u00e9tier complexe n\u00e9cessitant des savoirs, de l\u2019exp\u00e9rience, du discernement et de la technique : une comp\u00e9tence de sp\u00e9cialiste.<\/p>\n\n\n\n<p>Dilemme ? Non opportunit\u00e9, si l\u2019on mobilise la facilitation strat\u00e9gique.<\/p>\n\n\n\n<p>La question qui nous est r\u00e9guli\u00e8rement adress\u00e9e est&nbsp;: comment cr\u00e9er les conditions pour que nos destinataires croient en notre communication, adh\u00e8rent \u00e0 notre projet, se mobilisent pour et avec notre marque&nbsp;? Comment cr\u00e9er les conditions pour que les acteurs de l\u2019entreprise qui communique s\u2019y reconnaissent, la portent, en soient pleinement moteurs ?<\/p>\n\n\n\n<p>Si des entreprises et des institutions se sont d\u00e9j\u00e0 tourn\u00e9es vers nous alors que nous n\u2019avions pas le positionnement d\u2019agence de communication, c\u2019est que les enjeux du collectif, de la pertinence, de l\u2019authenticit\u00e9 sont autant pos\u00e9s que ceux du savoir communiquer.<\/p>\n\n\n\n<h2 class=\"wp-block-heading\">Communiquer&nbsp;: une d\u00e9marche strat\u00e9gique<\/h2>\n\n\n\n<p>En tant qu\u2019Agence en Facilitation Strat\u00e9gique, la communication est souvent un enjeu naturellement abord\u00e9 dans la prolongation de nos missions.<\/p>\n\n\n\n<p>Premier exemple, lorsque nous accompagnons la r\u00e9invention des fondamentaux d\u2019une entreprise \u2013 Vision, Valeurs, Raison d\u2019\u00eatre, Mission, Ambition, R\u00f4le \u2013 nous sommes amen\u00e9s souvent, avec le collectif qui en porte la d\u00e9marche, \u00e0 accompagner son expression \u00e0 tous, sa communication. Une dynamique a r\u00e9invent\u00e9 les fondamentaux de l\u2019entreprise, une dynamique \u00e9tendue va mobiliser l\u2019interne et l\u2019externe sur sa communication pour faire rayonner la d\u00e9marche.<\/p>\n\n\n\n<p>Autre exemple, dans le cadre d\u2019une d\u00e9marche d\u2019innovation manag\u00e9riale, la communication du projet interne et externe devient directement le socle de la marque employeur.<\/p>\n\n\n\n<p>Et, dernier exemple, un travail sur la r\u00e9actualisation des valeurs trouve rapidement son expression tant dans la marque entreprise, marque corporate, marque employeur, relation client.<\/p>\n\n\n\n<h2 class=\"wp-block-heading\">Associer le collectif pour singulariser <\/h2>\n\n\n\n<p>G\u00e9n\u00e9rer une communication n\u00e9cessite de mobiliser les meilleurs outils de conception et de structuration d\u2019une communication, et parfois de s\u2019adjoindre des expertises sp\u00e9cialis\u00e9es. La diff\u00e9rence est que ce sont les acteurs du collectif qui font \u00e9merger les id\u00e9es, forgent les choix fondamentaux de l\u2019expression de l\u2019entreprise.<\/p>\n\n\n\n<p>En associant le collectif \u00e0 la gen\u00e8se d\u2019une communication, l\u2019entreprise s\u2019assure de sa justesse, de son ancrage, de son authenticit\u00e9, en m\u00eame temps qu\u2019elle inclut, embarque, mobilise ses acteurs, du simple fait qu\u2019ils en sont alors contributeurs, co auteurs, pleinement parties prenantes.<\/p>\n\n\n\n<p>En associant le collectif \u00e0 la mise en \u0153uvre d\u2019une communication, l\u2019entreprise s\u2019assure de la puissance d\u2019amplification ensuite de sa communication, chacun en devenant ambassadeur, acteur op\u00e9rationnel, transmetteur.<\/p>\n\n\n\n<p>En associant le collectif \u00e0 la dynamique d\u2019une communication, l\u2019entreprise s\u2019assure de l\u2019\u00e9volutivit\u00e9 de sa communication&nbsp;: retours pertinents, suggestions, adaptation continue aux enjeux et aux destinataires.<\/p>\n\n\n\n<p>Il n\u2019emp\u00eache que de v\u00e9ritables professionnels de la communication restent souvent n\u00e9cessaires pour appuyer ce type de d\u00e9marche et produire les cr\u00e9ations, les m\u00e9dias, concevoir et op\u00e9rer les campagnes.<\/p>\n\n\n\n<h2 class=\"wp-block-heading\">Une d\u00e9marche puissante et authentique<\/h2>\n\n\n\n<p>La communication collaborative permet d\u2019ancrer ce qui s\u2019exprime sur les fondamentaux d\u2019une organisation, sur son v\u00e9ritable projet manag\u00e9rial, sur sa v\u00e9ritable d\u00e9marche innovation, client ou RSE. Et quand nous disons v\u00e9ritable, nous signifions port\u00e9e par les acteurs m\u00eames qui en sont les op\u00e9rateurs.<\/p>\n\n\n\n<p>La communication collaborative apporte alors une puissance suppl\u00e9mentaire, inattendue souvent. Cette communication vient nourrir en retour le projet strat\u00e9gique de l\u2019entreprise, sa nouvelle dynamique manag\u00e9riale, sa nouvelle relation client, sa d\u00e9marche RSE. La communication collaborative s\u2019inscrit alors pleinement comme une boucle d\u2019amplification de renforcement, de confiance..<\/p>\n\n\n\n<p><strong>La communication collaborative est la d\u00e9marche int\u00e9grative par excellence de l\u2019ensemble des composantes de l\u2019organisation, de son \u00e9cosyst\u00e8me, pour la rendre signifiante, lisible, puissante et authentique dans un environnement sans cesse challeng\u00e9.<\/strong><\/p>\n","protected":false},"excerpt":{"rendered":"<p>Tout a d\u00e9j\u00e0 \u00e9t\u00e9 \u00e9crit sur la communication. Pourtant, nous le voyons tous les jours, il y a celles qui marchent et les autres. Il y a celles qui sont justes, authentiques, puissantes, ancr\u00e9es et celles qui sont ce que l\u2019on appelle de la \u00ab&nbsp;comm\u2019&nbsp;\u00bb\u2026&nbsp; Communiquer pour une organisation est un acte existentiel\u00a0: il fait [&hellip;]<\/p>\n","protected":false},"author":1,"featured_media":0,"parent":0,"menu_order":0,"comment_status":"closed","ping_status":"closed","template":"","meta":{"_themeisle_gutenberg_block_has_review":false,"footnotes":""},"class_list":["post-1848","page","type-page","status-publish","hentry"],"jetpack-related-posts":[{"id":78,"url":"https:\/\/inprincipo2024.inprincipo.com\/index.php\/lenergie\/","url_meta":{"origin":1848,"position":0},"title":"L&rsquo;\u00c9NERGIE","author":"In Principo","date":"7 septembre 2024","format":false,"excerpt":"L\u2019\u00e9nergie\u2026 On a tous une d\u00e9finition plus ou moins vague (ou pr\u00e9cise) du terme. Celle qu\u2019on a le matin (avant ou apr\u00e8s son caf\u00e9, c\u2019est selon), celle de nos voitures, la verte, la fossile, la renouvelable, la propre, la solaire, l\u2019\u00e9olienne, l\u2019hydraulique\u2026 Et puis il y a celle qu\u2019on trouve\u2026","rel":"","context":"Article similaire","block_context":{"text":"Article similaire","link":""},"img":{"alt_text":"","src":"https:\/\/i0.wp.com\/inprincipo2024.inprincipo.com\/wp-content\/uploads\/2024\/09\/INP-StudyCase-CA-Normandie-600x600-1.png?resize=350%2C200&ssl=1","width":350,"height":200,"srcset":"https:\/\/i0.wp.com\/inprincipo2024.inprincipo.com\/wp-content\/uploads\/2024\/09\/INP-StudyCase-CA-Normandie-600x600-1.png?resize=350%2C200&ssl=1 1x, https:\/\/i0.wp.com\/inprincipo2024.inprincipo.com\/wp-content\/uploads\/2024\/09\/INP-StudyCase-CA-Normandie-600x600-1.png?resize=525%2C300&ssl=1 1.5x"},"classes":[]},{"id":337,"url":"https:\/\/inprincipo2024.inprincipo.com\/index.php\/lenergie-pourquoi-cest-devenu-un-vrai-sujet\/","url_meta":{"origin":1848,"position":1},"title":"L\u2019\u00e9nergie, pourquoi c&rsquo;est un sujet crucial\u2026\u00a0","author":"In Principo","date":"10 septembre 2024","format":false,"excerpt":"Si l\u2019\u00e9nergie humaine, nous para\u00eet aujourd\u2019hui une capacit\u00e9 collective d\u00e9terminante, celle-ci est rarement trait\u00e9e comme un v\u00e9ritable enjeu\u00a0: \u00ab\u00a0ce n\u2019est pas un sujet de la direction\u00a0\u00bb. R\u00e9sultat\u00a0: nombreux sont les collaborateurs qui se d\u00e9mobilisent. Car l\u2019\u00e9nergie permet de faire la pleine diff\u00e9rence dans un environnement challeng\u00e9, \u00e9prouvant. L\u2019\u00e9nergie est ce\u2026","rel":"","context":"Article similaire","block_context":{"text":"Article similaire","link":""},"img":{"alt_text":"","src":"https:\/\/i0.wp.com\/inprincipo2024.inprincipo.com\/wp-content\/uploads\/2025\/03\/Bateau-energie-Horizontal-1-scaled.jpg?resize=350%2C200&ssl=1","width":350,"height":200,"srcset":"https:\/\/i0.wp.com\/inprincipo2024.inprincipo.com\/wp-content\/uploads\/2025\/03\/Bateau-energie-Horizontal-1-scaled.jpg?resize=350%2C200&ssl=1 1x, https:\/\/i0.wp.com\/inprincipo2024.inprincipo.com\/wp-content\/uploads\/2025\/03\/Bateau-energie-Horizontal-1-scaled.jpg?resize=525%2C300&ssl=1 1.5x, https:\/\/i0.wp.com\/inprincipo2024.inprincipo.com\/wp-content\/uploads\/2025\/03\/Bateau-energie-Horizontal-1-scaled.jpg?resize=700%2C400&ssl=1 2x, https:\/\/i0.wp.com\/inprincipo2024.inprincipo.com\/wp-content\/uploads\/2025\/03\/Bateau-energie-Horizontal-1-scaled.jpg?resize=1050%2C600&ssl=1 3x, https:\/\/i0.wp.com\/inprincipo2024.inprincipo.com\/wp-content\/uploads\/2025\/03\/Bateau-energie-Horizontal-1-scaled.jpg?resize=1400%2C800&ssl=1 4x"},"classes":[]},{"id":349,"url":"https:\/\/inprincipo2024.inprincipo.com\/index.php\/passer-le-mur-du-sens-pour-reinventer-la-performance\/","url_meta":{"origin":1848,"position":2},"title":"Cap sur la r\u00e9g\u00e9n\u00e9ration strat\u00e9gique","author":"In Principo","date":"10 septembre 2024","format":false,"excerpt":"Transformation\u00a0? Un mot devenu synonyme d\u2019\u00e9puisement collectif, de contraintes, d\u2019injonctions. Combien de fois les espoirs initiaux engendrent l\u2019inverse du but recherch\u00e9\u00a0? Trop souvent la transformation ne touche qu\u2019aux proc\u00e9d\u00e9s et pas aux capacit\u00e9s, aux normes et non au vivant, \u00e0 ce qui contraint et non \u00e0 ce qui mobilise l\u2019\u00e9nergie,\u2026","rel":"","context":"Article similaire","block_context":{"text":"Article similaire","link":""},"img":{"alt_text":"","src":"","width":0,"height":0},"classes":[]},{"id":525,"url":"https:\/\/inprincipo2024.inprincipo.com\/index.php\/des-transformations-epuisantes-aux-transformations-regeneratrices\/","url_meta":{"origin":1848,"position":3},"title":"Des transformations \u00e9puisantes\u00a0aux transformations r\u00e9g\u00e9n\u00e9ratrices\u00a0","author":"In Principo","date":"17 septembre 2024","format":false,"excerpt":"Transformation\u00a0? Un mot aujourd\u2019hui devenu synonyme d\u2019\u00e9puisement collectif, de contraintes, d\u2019injonctions. Combien de fois les espoirs initiaux engendrent l\u2019inverse du but recherch\u00e9\u00a0? Trop souvent la transformation ne touche qu\u2019aux proc\u00e9d\u00e9s et pas aux capacit\u00e9s, aux normes et non au vivant, \u00e0 ce qui contraint et non \u00e0 ce qui mobilise\u2026","rel":"","context":"Article similaire","block_context":{"text":"Article similaire","link":""},"img":{"alt_text":"","src":"","width":0,"height":0},"classes":[]},{"id":2293,"url":"https:\/\/inprincipo2024.inprincipo.com\/index.php\/lentreprise-a-mission-forte-en-valeur-et-en-impact\/","url_meta":{"origin":1848,"position":4},"title":"L&rsquo;Entreprise \u00e0 Mission : vraie, vivante, forte et authentique&#8230;","author":"Olivier Reaud","date":"8 mars 2025","format":false,"excerpt":"Beaucoup en ont r\u00eav\u00e9, une loi de 2019 lui a donn\u00e9 son cadre. D\u00e9sormais, par des proc\u00e9dures et des indicateurs l\u2019Entreprise \u00e0 Mission est une r\u00e9alit\u00e9 respect\u00e9e et int\u00e9gr\u00e9e dans les pratiques de gestion quotidiennes. D\u00e9sormais, l\u2019Entreprise \u00e0 Mission existe juridiquement et statutairement. Mais fait-elle encore r\u00eaver\u00a0? Pour \u00eatre v\u00e9ritablement\u2026","rel":"","context":"Article similaire","block_context":{"text":"Article similaire","link":""},"img":{"alt_text":"","src":"","width":0,"height":0},"classes":[]},{"id":2075,"url":"https:\/\/inprincipo2024.inprincipo.com\/index.php\/management-lessence-de-la-puissance-de-chaque-organisation\/","url_meta":{"origin":1848,"position":5},"title":"R\u00e9g\u00e9n\u00e9rer l&rsquo;\u00e9nergie du collectif en continu","author":"Olivier Reaud","date":"5 mars 2025","format":false,"excerpt":"Depuis Gary Hamel et son best-seller \u00ab\u00a0la fin du management\u00a0\u00bb (2001), le sujet a \u00e9t\u00e9 brocard\u00e9, challeng\u00e9, r\u00e9invent\u00e9 de multiples fois. O\u00f9 en est-on en 2025\u00a0? La confusion r\u00e8gne parce que de nombreuses d\u00e9finitions et exp\u00e9riences se superposent. Parce qu\u2019il reste encore du XXe si\u00e8cle, l\u2019id\u00e9e qu\u2019il existerait pour une\u2026","rel":"","context":"Article similaire","block_context":{"text":"Article similaire","link":""},"img":{"alt_text":"","src":"","width":0,"height":0},"classes":[]}],"jetpack_sharing_enabled":true,"_links":{"self":[{"href":"https:\/\/inprincipo2024.inprincipo.com\/index.php\/wp-json\/wp\/v2\/pages\/1848","targetHints":{"allow":["GET"]}}],"collection":[{"href":"https:\/\/inprincipo2024.inprincipo.com\/index.php\/wp-json\/wp\/v2\/pages"}],"about":[{"href":"https:\/\/inprincipo2024.inprincipo.com\/index.php\/wp-json\/wp\/v2\/types\/page"}],"author":[{"embeddable":true,"href":"https:\/\/inprincipo2024.inprincipo.com\/index.php\/wp-json\/wp\/v2\/users\/1"}],"replies":[{"embeddable":true,"href":"https:\/\/inprincipo2024.inprincipo.com\/index.php\/wp-json\/wp\/v2\/comments?post=1848"}],"version-history":[{"count":4,"href":"https:\/\/inprincipo2024.inprincipo.com\/index.php\/wp-json\/wp\/v2\/pages\/1848\/revisions"}],"predecessor-version":[{"id":4270,"href":"https:\/\/inprincipo2024.inprincipo.com\/index.php\/wp-json\/wp\/v2\/pages\/1848\/revisions\/4270"}],"wp:attachment":[{"href":"https:\/\/inprincipo2024.inprincipo.com\/index.php\/wp-json\/wp\/v2\/media?parent=1848"}],"curies":[{"name":"wp","href":"https:\/\/api.w.org\/{rel}","templated":true}]}}