{"id":1131,"date":"2024-10-15T15:43:36","date_gmt":"2024-10-15T13:43:36","guid":{"rendered":"https:\/\/inprincipo2024.inprincipo.com\/?page_id=1131"},"modified":"2025-07-16T13:16:57","modified_gmt":"2025-07-16T11:16:57","slug":"les-formations","status":"publish","type":"page","link":"https:\/\/inprincipo2024.inprincipo.com\/index.php\/les-formations\/","title":{"rendered":"LES FORMATIONS"},"content":{"rendered":"\n<div class=\"wp-block-columns is-layout-flex wp-container-core-columns-is-layout-f5a44f5b wp-block-columns-is-layout-flex\">\n<div class=\"wp-block-column is-layout-flow wp-block-column-is-layout-flow\" style=\"flex-basis:25%\">\n<div class=\"wp-block-group is-layout-constrained wp-container-core-group-is-layout-0be64e95 wp-block-group-is-layout-constrained\" style=\"padding-right:var(--wp--preset--spacing--50)\">\n<div id=\"wp-block-themeisle-blocks-button-group-35b12e7e\" class=\"wp-block-themeisle-blocks-button-group wp-block-buttons align-full-desktop\">\n<div id=\"wp-block-themeisle-blocks-button-c2f0bf5e\" class=\"wp-block-themeisle-blocks-button wp-block-button\"><a href=\"https:\/\/inprincipo2024.inprincipo.com\/index.php\/la-methode\/\" target=\"_self\" rel=\"noopener noreferrer\" class=\"wp-block-button__link\"><span>LA M\u00c9THODE<\/span><\/a><\/div>\n<\/div>\n\n\n\n<div id=\"wp-block-themeisle-blocks-button-group-16655761\" class=\"wp-block-themeisle-blocks-button-group wp-block-buttons align-full-desktop\">\n<div id=\"wp-block-themeisle-blocks-button-ea13c664\" class=\"wp-block-themeisle-blocks-button wp-block-button\"><a href=\"https:\/\/inprincipo2024.inprincipo.com\/index.php\/les-accompagnements\/\" target=\"_self\" rel=\"noopener noreferrer\" class=\"wp-block-button__link\"><span>LES ACCOMPAGNEMENTS<\/span><\/a><\/div>\n<\/div>\n\n\n\n<div id=\"wp-block-themeisle-blocks-button-group-9168bd7f\" class=\"wp-block-themeisle-blocks-button-group wp-block-buttons align-full-desktop\">\n<div id=\"wp-block-themeisle-blocks-button-249c31d1\" class=\"wp-block-themeisle-blocks-button wp-block-button\"><a target=\"_self\" rel=\"noopener noreferrer\" class=\"wp-block-button__link\"><span>LES FORMATIONS<\/span><\/a><\/div>\n<\/div>\n\n\n\n<div id=\"wp-block-themeisle-blocks-button-group-d2f2d7cd\" class=\"wp-block-themeisle-blocks-button-group wp-block-buttons align-full-desktop\">\n<div id=\"wp-block-themeisle-blocks-button-389f36e5\" class=\"wp-block-themeisle-blocks-button wp-block-button\"><a href=\"https:\/\/inprincipo2024.inprincipo.com\/index.php\/les-programmes\/\" target=\"_self\" rel=\"noopener noreferrer\" class=\"wp-block-button__link\"><span>LES PROGRAMMES<\/span><\/a><\/div>\n<\/div>\n<\/div>\n\n\n\n<div style=\"height:57px\" aria-hidden=\"true\" class=\"wp-block-spacer\"><\/div>\n\n\n\n<h3 class=\"wp-block-heading\">In Principo en France<\/h3>\n\n\n\n<p><a href=\"http:\/\/www.inprincipo.com\/\">www.inprincipo.com<\/a><\/p>\n\n\n\n<p><strong>In Principo Paris<br><\/strong>60 rue de Richelieu<br>75002 PARIS<br>+33 1 53 05 99 75<\/p>\n\n\n\n<p><strong>In Principo Lyon<br><\/strong>3 cours Charlemagne<br>69003 LYON<\/p>\n\n\n\n<p><strong>In Principo Hauts de France<br><\/strong>Campus AGROTECH<br>Square Eug\u00e8ne Thomas&nbsp;<br>59780 WILLEMS&nbsp;<\/p>\n\n\n\n<p><strong><br><\/strong><\/p>\n<\/div>\n\n\n\n<div class=\"wp-block-column is-layout-flow wp-block-column-is-layout-flow\" style=\"flex-basis:55%\">\n<p>Depuis 2011, In Principo d\u00e9veloppe des formations \u00e0 destination de tous les acteurs des organisations et des \u00e9cosyst\u00e8mes et de leurs accompagnants&nbsp;pour renforcer leurs capacit\u00e9s collaboratives, pour leur permettre devenir acteurs, moteurs et cr\u00e9ateurs de leur propre dynamique d\u2019\u00e9volution.<\/p>\n\n\n\n<p>In Principo est certifi\u00e9 Qualiopi depuis 2021.&nbsp;<\/p>\n\n\n\n<p>In Principo Academy rassemble l\u2019ensemble des activit\u00e9s formation de In Principo.&nbsp;<\/p>\n\n\n\n<h2 class=\"wp-block-heading\">Notre p\u00e9dagogie<\/h2>\n\n\n\n<p>Nous d\u00e9veloppons des approches p\u00e9dagogiques puissantes en associant des pratiques p\u00e9dagogiques innovantes pour renforcer l\u2019efficacit\u00e9 apprenantes de ses formations. Notre objectif est de d\u00e9velopper des comp\u00e9tences qui engendrent des capacit\u00e9s collaboratives. Nos p\u00e9dagogies misent principalement sur l\u2019exp\u00e9rientiel afin d\u2019appr\u00e9hender les capacit\u00e9s collaboratives que l\u2019on invoque, pour travailler ensuite une p\u00e9dagogie des comp\u00e9tences par des pratiques cl\u00e9s pour que les participants soient en mesure de g\u00e9n\u00e9rer par eux-m\u00eames ces exp\u00e9riences collaboratives qui \u00e9nergisent, renforcent la performance, transforment.&nbsp;<\/p>\n\n\n\n<h2 class=\"wp-block-heading\">Notre offre<\/h2>\n\n\n\n<p>\u21e2 Nous r\u00e9pondons \u00e0 toutes demandes d\u2019ing\u00e9nierie de formation pour <strong>vos besoins sur mesure.<\/strong><\/p>\n\n\n\n<p>\u21e2 Notre offre de formation est \u00e9galement propos\u00e9e sur \u00e9tag\u00e8re, est se structure sous la forme de 4 catalogues&nbsp;: <\/p>\n\n\n\n<ol class=\"wp-block-list\">\n<li>Les ModulCubes<\/li>\n\n\n\n<li>Les 1-2 jours<\/li>\n\n\n\n<li>Les Compactes<\/li>\n\n\n\n<li>Les Parcours.&nbsp;<\/li>\n<\/ol>\n\n\n\n<div style=\"height:52px\" aria-hidden=\"true\" class=\"wp-block-spacer\"><\/div>\n\n\n\n<div class=\"wp-block-media-text is-stacked-on-mobile\" style=\"grid-template-columns:15% auto\"><figure class=\"wp-block-media-text__media\"><a href=\"https:\/\/inprincipo2024.inprincipo.com\/wp-content\/uploads\/2025\/07\/250710-INPACADEMYA-Catalogue2025-ModulCubes.pdf\" target=\"_blank\" rel=\"noreferrer noopener\"><img data-recalc-dims=\"1\" loading=\"lazy\" decoding=\"async\" width=\"704\" height=\"1024\" src=\"https:\/\/i0.wp.com\/inprincipo2024.inprincipo.com\/wp-content\/uploads\/2025\/07\/250711-INPACADEMYA-Catalogue2025-ModulCubes-Couverture2.png?resize=704%2C1024&#038;ssl=1\" alt=\"\" class=\"wp-image-5495 size-full\" srcset=\"https:\/\/i0.wp.com\/inprincipo2024.inprincipo.com\/wp-content\/uploads\/2025\/07\/250711-INPACADEMYA-Catalogue2025-ModulCubes-Couverture2.png?resize=704%2C1024&amp;ssl=1 704w, https:\/\/i0.wp.com\/inprincipo2024.inprincipo.com\/wp-content\/uploads\/2025\/07\/250711-INPACADEMYA-Catalogue2025-ModulCubes-Couverture2.png?resize=206%2C300&amp;ssl=1 206w, https:\/\/i0.wp.com\/inprincipo2024.inprincipo.com\/wp-content\/uploads\/2025\/07\/250711-INPACADEMYA-Catalogue2025-ModulCubes-Couverture2.png?resize=768%2C1117&amp;ssl=1 768w, https:\/\/i0.wp.com\/inprincipo2024.inprincipo.com\/wp-content\/uploads\/2025\/07\/250711-INPACADEMYA-Catalogue2025-ModulCubes-Couverture2.png?w=850&amp;ssl=1 850w\" sizes=\"auto, (max-width: 704px) 100vw, 704px\" \/><\/a><\/figure><div class=\"wp-block-media-text__content\">\n<h2 class=\"wp-block-heading\" style=\"margin-top:0;margin-bottom:0\">1.Les ModulCubes<\/h2>\n\n\n\n<p class=\"has-medium-font-size\" style=\"margin-top:0;margin-bottom:0\"><strong><strong>Boostez <\/strong><\/strong><br><strong><strong>vos comportements collaboratifs<\/strong><\/strong><\/p>\n<\/div><\/div>\n\n\n\n<p class=\"has-poppins-font-family\" style=\"font-style:normal;font-weight:300\"><strong>Boostez vos <\/strong><strong>comportements collaboratifs<\/strong><\/p>\n\n\n\n<p>Priorit\u00e9s changeantes, complexit\u00e9 et turbulences, chargent vos d\u00e9marches, vos \u00e9quipes, d\u00e9mobilisent vos parties prenantes. S\u2019il est clair que les approches collaboratives renforcent vos capacit\u00e9s, celles-ci n\u00e9cessitent d\u2019associer les bonnes pratiques aux bons comportements collaboratifs. Les dynamiques collaboratives, vous am\u00e8nent \u00e0 travailler sur l\u2019\u00e9nergie et la confiance du collectif pour le rendre moteur de ses d\u00e9marches et g\u00e9n\u00e9rateur de son engagement.<\/p>\n\n\n\n<p class=\"has-poppins-font-family\" style=\"font-style:normal;font-weight:300\"><strong>In Principo Academy a cr\u00e9\u00e9 les ModulCubes pour boostez vos comportements par des modules expresso distanciels 3H30.<\/strong><\/p>\n\n\n\n<div class=\"alignnormal\"><div id=\"metaslider-id-1760\" style=\"width: 100%;\" class=\"ml-slider-3-108-0 metaslider metaslider-flex metaslider-1760 ml-slider has-dots-nav ms-theme-bitono\" role=\"region\" aria-label=\"Les ModulCubes\" data-height=\"350\" data-width=\"700\">\n    <div id=\"metaslider_container_1760\">\n        <div id=\"metaslider_1760\">\n            <ul class='slides'>\n                <li style=\"display: block; width: 100%;\" class=\"slide-1761 ms-image \" aria-roledescription=\"slide\" data-date=\"2025-01-26 19:24:40\" data-filename=\"Cartouche-A1-Cadrer-une-demarcheV2-700x350.png\" data-slide-type=\"image\"><a href=\"https:\/\/inprincipo2024.inprincipo.com\/wp-content\/uploads\/2025\/01\/250124-INPACADEMYA-2025-ModulCubes-A1-CADRER-UNE-DEMARCHE.pdf\" target=\"_blank\" aria-label=\"t\u00e9l\u00e9charger la fiche\" class=\"metaslider_image_link\"><img data-recalc-dims=\"1\" loading=\"lazy\" decoding=\"async\" src=\"https:\/\/i0.wp.com\/inprincipo2024.inprincipo.com\/wp-content\/uploads\/2025\/01\/Cartouche-A1-Cadrer-une-demarcheV2.png?resize=700%2C350&#038;ssl=1\" height=\"350\" width=\"700\" alt=\"\" class=\"slider-1760 slide-1761 msDefaultImage\" title=\"Cartouche A#1 - Cadrer une de\u0301marcheV2\" \/><\/a><\/li>\n                <li style=\"display: none; width: 100%;\" class=\"slide-1762 ms-image \" aria-roledescription=\"slide\" data-date=\"2025-01-26 19:24:40\" data-filename=\"Cartouche-A2-Apprehender-la-facilitationV2-700x350.png\" data-slide-type=\"image\"><a href=\"https:\/\/inprincipo2024.inprincipo.com\/wp-content\/uploads\/2025\/01\/250124-INPACADEMYA-2025-ModulCubes-A2-APPRENHENDER-LA-FACILITATION.pdf\" target=\"_blank\" aria-label=\"t\u00e9l\u00e9charger la fiche\" class=\"metaslider_image_link\"><img data-recalc-dims=\"1\" loading=\"lazy\" decoding=\"async\" src=\"https:\/\/i0.wp.com\/inprincipo2024.inprincipo.com\/wp-content\/uploads\/2025\/01\/Cartouche-A2-Apprehender-la-facilitationV2.png?resize=700%2C350&#038;ssl=1\" height=\"350\" width=\"700\" alt=\"\" class=\"slider-1760 slide-1762 msDefaultImage\" title=\"Cartouche A#2 - Appre\u0301hender la facilitationV2\" \/><\/a><\/li>\n                <li style=\"display: none; width: 100%;\" class=\"slide-1763 ms-image \" aria-roledescription=\"slide\" data-date=\"2025-01-26 19:24:40\" data-filename=\"Cartouche-A3-Booster-son-leadershipV2-700x350.png\" data-slide-type=\"image\"><a href=\"https:\/\/inprincipo2024.inprincipo.com\/wp-content\/uploads\/2025\/01\/250124-INPACADEMYA-2025-ModulCubes-A3-BOOSTERSONLEADERSHIP.pdf\" target=\"_blank\" aria-label=\"t\u00e9l\u00e9charger la fiche\" class=\"metaslider_image_link\"><img data-recalc-dims=\"1\" loading=\"lazy\" decoding=\"async\" src=\"https:\/\/i0.wp.com\/inprincipo2024.inprincipo.com\/wp-content\/uploads\/2025\/01\/Cartouche-A3-Booster-son-leadershipV2.png?resize=700%2C350&#038;ssl=1\" height=\"350\" width=\"700\" alt=\"\" class=\"slider-1760 slide-1763 msDefaultImage\" title=\"Cartouche A#3 - Booster son leadershipV2\" \/><\/a><\/li>\n                <li style=\"display: none; width: 100%;\" class=\"slide-1764 ms-image \" aria-roledescription=\"slide\" data-date=\"2025-01-26 19:24:40\" data-filename=\"Cartouche-A4-Fluidifier-sa-bande-passanteV4-700x350.png\" data-slide-type=\"image\"><a href=\"https:\/\/inprincipo2024.inprincipo.com\/wp-content\/uploads\/2025\/01\/250124-INPACADEMYA-2025-ModulCubes-A4-FLUIDIFIER-SA-BANDE-PASSANTE.pdf\" target=\"_blank\" aria-label=\"t\u00e9l\u00e9charger la fiche\" class=\"metaslider_image_link\"><img data-recalc-dims=\"1\" loading=\"lazy\" decoding=\"async\" src=\"https:\/\/i0.wp.com\/inprincipo2024.inprincipo.com\/wp-content\/uploads\/2025\/01\/Cartouche-A4-Fluidifier-sa-bande-passanteV4.png?resize=700%2C350&#038;ssl=1\" height=\"350\" width=\"700\" alt=\"\" class=\"slider-1760 slide-1764 msDefaultImage\" title=\"Cartouche A#4 - Fluidifier sa bande passanteV4\" \/><\/a><\/li>\n            <\/ul>\n        <\/div>\n        \n    <\/div>\n<\/div><\/div>\n\n\n\n<div style=\"height:39px\" aria-hidden=\"true\" class=\"wp-block-spacer\"><\/div>\n\n\n\n<div class=\"wp-block-buttons is-content-justification-center is-layout-flex wp-container-core-buttons-is-layout-a89b3969 wp-block-buttons-is-layout-flex\">\n<div class=\"wp-block-button\"><a class=\"wp-block-button__link has-ti-accent-color has-ti-bg-background-color has-text-color has-background has-link-color has-poppins-font-family wp-element-button\" href=\"https:\/\/inprincipo2024.inprincipo.com\/wp-content\/uploads\/2025\/07\/250710-INPACADEMYA-Catalogue2025-ModulCubes.pdf\" style=\"font-style:normal;font-weight:200\">T\u00c9L\u00c9CHARGER LE CATALOGUE <br>LES MODULCUBES<\/a><\/div>\n<\/div>\n\n\n\n<div style=\"height:52px\" aria-hidden=\"true\" class=\"wp-block-spacer\"><\/div>\n\n\n\n<div class=\"wp-block-media-text is-stacked-on-mobile\" style=\"grid-template-columns:15% auto\"><figure class=\"wp-block-media-text__media\"><a href=\"https:\/\/inprincipo2024.inprincipo.com\/wp-content\/uploads\/2025\/07\/250711-INPACADEMYB-Catalogue2025-Les1-2jours.pdf\" target=\"_blank\" rel=\"noreferrer noopener\"><img data-recalc-dims=\"1\" loading=\"lazy\" decoding=\"async\" width=\"705\" height=\"1024\" src=\"https:\/\/i0.wp.com\/inprincipo2024.inprincipo.com\/wp-content\/uploads\/2025\/07\/250711-INPACADEMYB-Catalogue2025-1a2Jours-Couverture.png?resize=705%2C1024&#038;ssl=1\" alt=\"\" class=\"wp-image-5509 size-full\" srcset=\"https:\/\/i0.wp.com\/inprincipo2024.inprincipo.com\/wp-content\/uploads\/2025\/07\/250711-INPACADEMYB-Catalogue2025-1a2Jours-Couverture.png?resize=705%2C1024&amp;ssl=1 705w, https:\/\/i0.wp.com\/inprincipo2024.inprincipo.com\/wp-content\/uploads\/2025\/07\/250711-INPACADEMYB-Catalogue2025-1a2Jours-Couverture.png?resize=207%2C300&amp;ssl=1 207w, https:\/\/i0.wp.com\/inprincipo2024.inprincipo.com\/wp-content\/uploads\/2025\/07\/250711-INPACADEMYB-Catalogue2025-1a2Jours-Couverture.png?resize=768%2C1115&amp;ssl=1 768w, https:\/\/i0.wp.com\/inprincipo2024.inprincipo.com\/wp-content\/uploads\/2025\/07\/250711-INPACADEMYB-Catalogue2025-1a2Jours-Couverture.png?w=852&amp;ssl=1 852w\" sizes=\"auto, (max-width: 705px) 100vw, 705px\" \/><\/a><\/figure><div class=\"wp-block-media-text__content\">\n<h2 class=\"wp-block-heading\" style=\"margin-top:0;margin-bottom:0\">2. Les 1-2 jours<\/h2>\n\n\n\n<p class=\"has-medium-font-size\" style=\"margin-top:0;margin-bottom:0\"><strong>Activez les <strong>fondamentaux<br><\/strong>de vos <strong>capacit\u00e9s collectives<\/strong><\/strong><\/p>\n<\/div><\/div>\n\n\n\n<p class=\"has-poppins-font-family\" style=\"font-style:normal;font-weight:300\">\u00c9nergie, adaptation, management, innovation, responsabilit\u00e9s, vos \u00e9quipes ont besoin de monter en puissance collaborative sur tous ces th\u00e8mes pour \u00eatre efficients, pour \u00e9voluer en continu. Les agendas sont charg\u00e9s. Les \u00e9quipes challeng\u00e9es se cherchent.<\/p>\n\n\n\n<p class=\"has-poppins-font-family\" style=\"font-style:normal;font-weight:300\">C\u2019est pourquoi <strong>In <\/strong><strong>Principo<\/strong><strong> <\/strong><strong>Academy<\/strong><strong> <\/strong>a cr\u00e9\u00e9 <strong>Les 1-\u00e0-2 jours<\/strong><strong> : <\/strong>des formations intenses en comp\u00e9tences en modules 100% digital distanciel de 3H30 pour \u00eatre efficaces sur le d\u00e9veloppement des Capacit\u00e9s Collectives cl\u00e9s n\u00e9cessaires aux enjeux d\u2019aujourd\u2019hui.<\/p>\n\n\n\n<div class=\"alignnormal\"><div id=\"metaslider-id-1456\" style=\"width: 100%;\" class=\"ml-slider-3-108-0 metaslider metaslider-flex metaslider-1456 ml-slider has-dots-nav ms-theme-bitono\" role=\"region\" aria-label=\"1-2 jours\" data-height=\"350\" data-width=\"700\">\n    <div id=\"metaslider_container_1456\">\n        <div id=\"metaslider_1456\">\n            <ul class='slides'>\n                <li style=\"display: block; width: 100%;\" class=\"slide-1458 ms-image \" aria-roledescription=\"slide\" data-date=\"2024-10-23 15:16:33\" data-filename=\"241031-CartoucheB1-700x350.png\" data-slide-type=\"image\"><a href=\"https:\/\/inprincipo2024.inprincipo.com\/wp-content\/uploads\/2024\/10\/INP_B1-Animer-une-reunion-en-DC-1.pdf\" target=\"_blank\" aria-label=\"t\u00e9l\u00e9charger la fiche\" class=\"metaslider_image_link\"><img data-recalc-dims=\"1\" loading=\"lazy\" decoding=\"async\" src=\"https:\/\/i0.wp.com\/inprincipo2024.inprincipo.com\/wp-content\/uploads\/2024\/10\/241031-CartoucheB1.png?resize=700%2C350&#038;ssl=1\" height=\"350\" width=\"700\" alt=\"\" class=\"slider-1456 slide-1458 msDefaultImage\" title=\"241031-CartoucheB#1\" \/><\/a><\/li>\n                <li style=\"display: none; width: 100%;\" class=\"slide-1460 ms-image \" aria-roledescription=\"slide\" data-date=\"2024-10-23 15:17:25\" data-filename=\"241031-CartoucheB2-700x350.png\" data-slide-type=\"image\"><a href=\"https:\/\/inprincipo2024.inprincipo.com\/wp-content\/uploads\/2024\/10\/INP_B2-Animer-une-atelier-en-DC-1.pdf\" target=\"_blank\" aria-label=\"t\u00e9l\u00e9charger la fiche\" class=\"metaslider_image_link\"><img data-recalc-dims=\"1\" loading=\"lazy\" decoding=\"async\" src=\"https:\/\/i0.wp.com\/inprincipo2024.inprincipo.com\/wp-content\/uploads\/2024\/10\/241031-CartoucheB2.png?resize=700%2C350&#038;ssl=1\" height=\"350\" width=\"700\" alt=\"\" class=\"slider-1456 slide-1460 msDefaultImage\" title=\"241031-CartoucheB#2\" \/><\/a><\/li>\n                <li style=\"display: none; width: 100%;\" class=\"slide-1462 ms-image \" aria-roledescription=\"slide\" data-date=\"2024-10-23 15:17:50\" data-filename=\"241031-CartoucheB3-700x350.png\" data-slide-type=\"image\"><a href=\"https:\/\/inprincipo2024.inprincipo.com\/wp-content\/uploads\/2024\/10\/INP_B3-Manager-une-equipe-en-DC-1.pdf\" target=\"_blank\" aria-label=\"t\u00e9l\u00e9charger la fiche\" class=\"metaslider_image_link\"><img data-recalc-dims=\"1\" loading=\"lazy\" decoding=\"async\" src=\"https:\/\/i0.wp.com\/inprincipo2024.inprincipo.com\/wp-content\/uploads\/2024\/10\/241031-CartoucheB3.png?resize=700%2C350&#038;ssl=1\" height=\"350\" width=\"700\" alt=\"\" class=\"slider-1456 slide-1462 msDefaultImage\" title=\"241031-CartoucheB#3\" \/><\/a><\/li>\n                <li style=\"display: none; width: 100%;\" class=\"slide-1464 ms-image \" aria-roledescription=\"slide\" data-date=\"2024-10-23 15:18:22\" data-filename=\"241031-CartoucheB4-700x350.png\" data-slide-type=\"image\"><a href=\"https:\/\/inprincipo2024.inprincipo.com\/wp-content\/uploads\/2024\/10\/INP_B4-Manager-un-projet-en-DC-1.pdf\" target=\"_blank\" aria-label=\"t\u00e9l\u00e9charger la fiche\" class=\"metaslider_image_link\"><img data-recalc-dims=\"1\" loading=\"lazy\" decoding=\"async\" src=\"https:\/\/i0.wp.com\/inprincipo2024.inprincipo.com\/wp-content\/uploads\/2024\/10\/241031-CartoucheB4.png?resize=700%2C350&#038;ssl=1\" height=\"350\" width=\"700\" alt=\"\" class=\"slider-1456 slide-1464 msDefaultImage\" title=\"241031-CartoucheB#4\" \/><\/a><\/li>\n            <\/ul>\n        <\/div>\n        \n    <\/div>\n<\/div><\/div>\n\n\n\n<div style=\"height:39px\" aria-hidden=\"true\" class=\"wp-block-spacer\"><\/div>\n\n\n\n<div class=\"wp-block-buttons is-content-justification-center is-layout-flex wp-container-core-buttons-is-layout-a89b3969 wp-block-buttons-is-layout-flex\">\n<div class=\"wp-block-button\"><a class=\"wp-block-button__link has-ti-accent-color has-ti-bg-background-color has-text-color has-background has-link-color has-poppins-font-family wp-element-button\" href=\"https:\/\/inprincipo2024.inprincipo.com\/wp-content\/uploads\/2025\/07\/250711-INPACADEMYB-Catalogue2025-Les1-2jours.pdf\" style=\"font-style:normal;font-weight:200\" target=\"_blank\" rel=\"noreferrer noopener\">T\u00c9L\u00c9CHARGER LE CATALOGUE<br>1-2 JOURS<\/a><\/div>\n<\/div>\n\n\n\n<div style=\"height:52px\" aria-hidden=\"true\" class=\"wp-block-spacer\"><\/div>\n\n\n\n<div class=\"wp-block-media-text is-stacked-on-mobile\" style=\"grid-template-columns:15% auto\"><figure class=\"wp-block-media-text__media\"><a href=\"https:\/\/inprincipo2024.inprincipo.com\/wp-content\/uploads\/2025\/07\/250711-INPACADEMYC-Catalogue2025-LesCompacts-3-4-jours.pdf\" target=\"_blank\" rel=\"noreferrer noopener\"><img data-recalc-dims=\"1\" loading=\"lazy\" decoding=\"async\" width=\"702\" height=\"1024\" src=\"https:\/\/i0.wp.com\/inprincipo2024.inprincipo.com\/wp-content\/uploads\/2025\/07\/250711-INPACADEMYC-Catalogue2025-Compactes3et4jrs-Couvertiure.png?resize=702%2C1024&#038;ssl=1\" alt=\"\" class=\"wp-image-5511 size-full\" srcset=\"https:\/\/i0.wp.com\/inprincipo2024.inprincipo.com\/wp-content\/uploads\/2025\/07\/250711-INPACADEMYC-Catalogue2025-Compactes3et4jrs-Couvertiure.png?resize=702%2C1024&amp;ssl=1 702w, https:\/\/i0.wp.com\/inprincipo2024.inprincipo.com\/wp-content\/uploads\/2025\/07\/250711-INPACADEMYC-Catalogue2025-Compactes3et4jrs-Couvertiure.png?resize=206%2C300&amp;ssl=1 206w, https:\/\/i0.wp.com\/inprincipo2024.inprincipo.com\/wp-content\/uploads\/2025\/07\/250711-INPACADEMYC-Catalogue2025-Compactes3et4jrs-Couvertiure.png?resize=768%2C1121&amp;ssl=1 768w, https:\/\/i0.wp.com\/inprincipo2024.inprincipo.com\/wp-content\/uploads\/2025\/07\/250711-INPACADEMYC-Catalogue2025-Compactes3et4jrs-Couvertiure.png?w=845&amp;ssl=1 845w\" sizes=\"auto, (max-width: 702px) 100vw, 702px\" \/><\/a><\/figure><div class=\"wp-block-media-text__content\">\n<h2 class=\"wp-block-heading\" style=\"margin-top:0;margin-bottom:0\">3. Les Compactes<\/h2>\n\n\n\n<p class=\"has-medium-font-size\" style=\"margin-top:0;margin-bottom:0\"><strong>D\u00e9veloppez les comp\u00e9tences cl\u00e9s de vos capacit\u00e9s collectives\u2026<\/strong><\/p>\n<\/div><\/div>\n\n\n\n<p class=\"has-poppins-font-family\" style=\"font-style:normal;font-weight:300\">La Puissance d\u2019Agir tant recherch\u00e9e est beaucoup plus qu\u2019une addition de comp\u00e9tences individuelles. Alors pour appr\u00e9hender les Capacit\u00e9s Collectives, il est n\u00e9cessaire en une seule approche de d\u00e9velopper : conscience, comportements, pratiques, intelligences collectives, dynamiques et exp\u00e9rimentations<\/p>\n\n\n\n<p class=\"has-poppins-font-family\" style=\"font-style:normal;font-weight:300\">C\u2019est pourquoi <strong>In <\/strong><strong>Principo<\/strong><strong> <\/strong><strong>Academy<\/strong><strong> <\/strong>a cr\u00e9\u00e9 les <strong>Compactes <\/strong><strong>3 \u00e0 4 jours<\/strong><strong> : <\/strong>des formations essentielles en 2 x 2 jours pour \u00eatre fluide et pertinent sur ses capacit\u00e9s collectives.<\/p>\n\n\n\n<p class=\"has-poppins-font-family\" style=\"font-style:normal;font-weight:300\"><\/p>\n\n\n\n<div class=\"alignnormal\"><div id=\"metaslider-id-1498\" style=\"width: 100%;\" class=\"ml-slider-3-108-0 metaslider metaslider-flex metaslider-1498 ml-slider has-dots-nav ms-theme-bitono\" role=\"region\" aria-label=\"Les Compactes\" data-height=\"350\" data-width=\"700\">\n    <div id=\"metaslider_container_1498\">\n        <div id=\"metaslider_1498\">\n            <ul class='slides'>\n                <li style=\"display: block; width: 100%;\" class=\"slide-1499 ms-image \" aria-roledescription=\"slide\" data-date=\"2024-10-24 10:24:38\" data-filename=\"241031-CartoucheC1-700x350.png\" data-slide-type=\"image\"><a href=\"https:\/\/inprincipo2024.inprincipo.com\/wp-content\/uploads\/2024\/10\/INP_C1-Manager-dequipe-en-DR-1.pdf\" target=\"_blank\" aria-label=\"t\u00e9l\u00e9charger la fiche\" class=\"metaslider_image_link\"><img data-recalc-dims=\"1\" loading=\"lazy\" decoding=\"async\" src=\"https:\/\/i0.wp.com\/inprincipo2024.inprincipo.com\/wp-content\/uploads\/2024\/10\/241031-CartoucheC1.png?resize=700%2C350&#038;ssl=1\" height=\"350\" width=\"700\" alt=\"\" class=\"slider-1498 slide-1499 msDefaultImage\" title=\"241031-CartoucheC#1\" \/><\/a><\/li>\n                <li style=\"display: none; width: 100%;\" class=\"slide-1500 ms-image \" aria-roledescription=\"slide\" data-date=\"2024-10-24 10:24:38\" data-filename=\"241031-CartoucheC2-700x350.png\" data-slide-type=\"image\"><a href=\"https:\/\/inprincipo2024.inprincipo.com\/wp-content\/uploads\/2024\/10\/INP_C2-Manager-de-projets-en-DR-1.pdf\" target=\"_blank\" aria-label=\"t\u00e9l\u00e9charger la fiche\" class=\"metaslider_image_link\"><img data-recalc-dims=\"1\" loading=\"lazy\" decoding=\"async\" src=\"https:\/\/i0.wp.com\/inprincipo2024.inprincipo.com\/wp-content\/uploads\/2024\/10\/241031-CartoucheC2.png?resize=700%2C350&#038;ssl=1\" height=\"350\" width=\"700\" alt=\"\" class=\"slider-1498 slide-1500 msDefaultImage\" title=\"241031-CartoucheC#2\" \/><\/a><\/li>\n                <li style=\"display: none; width: 100%;\" class=\"slide-1501 ms-image \" aria-roledescription=\"slide\" data-date=\"2024-10-24 10:24:39\" data-filename=\"241031-CartoucheC3-700x350.png\" data-slide-type=\"image\"><a href=\"https:\/\/inprincipo2024.inprincipo.com\/wp-content\/uploads\/2024\/10\/INP_C3-Facilitateur-interne-en-DR-1.pdf\" target=\"_blank\" aria-label=\"t\u00e9l\u00e9charger la fiche\" class=\"metaslider_image_link\"><img data-recalc-dims=\"1\" loading=\"lazy\" decoding=\"async\" src=\"https:\/\/i0.wp.com\/inprincipo2024.inprincipo.com\/wp-content\/uploads\/2024\/10\/241031-CartoucheC3.png?resize=700%2C350&#038;ssl=1\" height=\"350\" width=\"700\" alt=\"\" class=\"slider-1498 slide-1501 msDefaultImage\" title=\"241031-CartoucheC#3\" \/><\/a><\/li>\n                <li style=\"display: none; width: 100%;\" class=\"slide-1502 ms-image \" aria-roledescription=\"slide\" data-date=\"2024-10-24 10:24:39\" data-filename=\"241031-CartoucheC4-700x350.png\" data-slide-type=\"image\"><a href=\"https:\/\/inprincipo2024.inprincipo.com\/wp-content\/uploads\/2024\/10\/INP_C4-Activtateur-d-ecosysteme-en-DR-1.pdf\" target=\"_blank\" aria-label=\"t\u00e9l\u00e9charger la fiche\" class=\"metaslider_image_link\"><img data-recalc-dims=\"1\" loading=\"lazy\" decoding=\"async\" src=\"https:\/\/i0.wp.com\/inprincipo2024.inprincipo.com\/wp-content\/uploads\/2024\/10\/241031-CartoucheC4.png?resize=700%2C350&#038;ssl=1\" height=\"350\" width=\"700\" alt=\"\" class=\"slider-1498 slide-1502 msDefaultImage\" title=\"241031-CartoucheC#4\" \/><\/a><\/li>\n            <\/ul>\n        <\/div>\n        \n    <\/div>\n<\/div><\/div>\n\n\n\n<div style=\"height:39px\" aria-hidden=\"true\" class=\"wp-block-spacer\"><\/div>\n\n\n\n<div class=\"wp-block-buttons is-content-justification-center is-layout-flex wp-container-core-buttons-is-layout-a89b3969 wp-block-buttons-is-layout-flex\">\n<div class=\"wp-block-button\"><a class=\"wp-block-button__link has-ti-accent-color has-ti-bg-background-color has-text-color has-background has-link-color has-poppins-font-family wp-element-button\" href=\"https:\/\/inprincipo2024.inprincipo.com\/wp-content\/uploads\/2025\/07\/250711-INPACADEMYC-Catalogue2025-LesCompacts-3-4-jours.pdf\" style=\"font-style:normal;font-weight:200\" target=\"_blank\" rel=\"noreferrer noopener\">T\u00c9L\u00c9CHARGER LE CATALOGUE<br>LES COMPACTES<\/a><\/div>\n<\/div>\n\n\n\n<div style=\"height:52px\" aria-hidden=\"true\" class=\"wp-block-spacer\"><\/div>\n\n\n\n<div class=\"wp-block-media-text is-stacked-on-mobile\" style=\"grid-template-columns:15% auto\"><figure class=\"wp-block-media-text__media\"><a href=\"https:\/\/inprincipo2024.inprincipo.com\/wp-content\/uploads\/2025\/07\/250711-INPACADEMYD-Catalogue2025-LesParcours.pdf\" target=\"_blank\" rel=\"noreferrer noopener\"><img data-recalc-dims=\"1\" loading=\"lazy\" decoding=\"async\" width=\"711\" height=\"1024\" src=\"https:\/\/i0.wp.com\/inprincipo2024.inprincipo.com\/wp-content\/uploads\/2025\/07\/250711-INPACADEMYD-Catalogue2025-LesParcours-Couverture.png?resize=711%2C1024&#038;ssl=1\" alt=\"\" class=\"wp-image-5514 size-full\" srcset=\"https:\/\/i0.wp.com\/inprincipo2024.inprincipo.com\/wp-content\/uploads\/2025\/07\/250711-INPACADEMYD-Catalogue2025-LesParcours-Couverture.png?resize=711%2C1024&amp;ssl=1 711w, https:\/\/i0.wp.com\/inprincipo2024.inprincipo.com\/wp-content\/uploads\/2025\/07\/250711-INPACADEMYD-Catalogue2025-LesParcours-Couverture.png?resize=208%2C300&amp;ssl=1 208w, https:\/\/i0.wp.com\/inprincipo2024.inprincipo.com\/wp-content\/uploads\/2025\/07\/250711-INPACADEMYD-Catalogue2025-LesParcours-Couverture.png?resize=768%2C1106&amp;ssl=1 768w, https:\/\/i0.wp.com\/inprincipo2024.inprincipo.com\/wp-content\/uploads\/2025\/07\/250711-INPACADEMYD-Catalogue2025-LesParcours-Couverture.png?w=917&amp;ssl=1 917w\" sizes=\"auto, (max-width: 711px) 100vw, 711px\" \/><\/a><\/figure><div class=\"wp-block-media-text__content\">\n<h2 class=\"wp-block-heading\" style=\"margin-top:0;margin-bottom:0\">4. Les parcours<\/h2>\n\n\n\n<p class=\"has-medium-font-size\" style=\"margin-top:0;margin-bottom:0\"><strong>D\u00e9velopper de la ma\u00eetrise dans votre Puissance d&rsquo;Agir<\/strong><\/p>\n<\/div><\/div>\n\n\n\n<p class=\"has-poppins-font-family\" style=\"font-style:normal;font-weight:300\">Pour d\u00e9velopper des Capacit\u00e9s Collectives Strat\u00e9giques \u00e0 m\u00eame de faire \u00e9voluer l\u2019organisation, il est n\u00e9cessaire d\u00e9velopper un v\u00e9ritable leadership de la Puissance d\u2019Agir : autant en profondeur sur l\u2019\u00eatre que sur capacit\u00e9 \u00e0 appr\u00e9hender la dynamique de diff\u00e9rents syst\u00e8mes d\u2019enjeux et d\u2019acteurs.<\/p>\n\n\n\n<p class=\"has-poppins-font-family\" style=\"font-style:normal;font-weight:300\"><strong>In Principo Academy <\/strong>a cr\u00e9\u00e9 <strong>les Parcours : <\/strong>des formations de 5 \u00e0 12 jours pour d\u00e9velopper le leadership n\u00e9cessaire \u00e0 m\u00eame de maitriser les nouvelles capacit\u00e9s collectives strat\u00e9giques.<\/p>\n\n\n\n<div class=\"alignnormal\"><div id=\"metaslider-id-1504\" style=\"width: 100%;\" class=\"ml-slider-3-108-0 metaslider metaslider-flex metaslider-1504 ml-slider has-dots-nav ms-theme-bitono\" role=\"region\" aria-label=\"Les Parcours\" data-height=\"350\" data-width=\"700\">\n    <div id=\"metaslider_container_1504\">\n        <div id=\"metaslider_1504\">\n            <ul class='slides'>\n                <li style=\"display: block; width: 100%;\" class=\"slide-1505 ms-image \" aria-roledescription=\"slide\" data-date=\"2024-10-24 10:29:35\" data-filename=\"241031-CartoucheD1-700x350.png\" data-slide-type=\"image\"><a href=\"https:\/\/inprincipo2024.inprincipo.com\/wp-content\/uploads\/2024\/10\/INP_D1-Leader-anticipation-et-innovation-1.pdf\" target=\"_blank\" aria-label=\"t\u00e9l\u00e9charger la fiche\" class=\"metaslider_image_link\"><img data-recalc-dims=\"1\" loading=\"lazy\" decoding=\"async\" src=\"https:\/\/i0.wp.com\/inprincipo2024.inprincipo.com\/wp-content\/uploads\/2024\/10\/241031-CartoucheD1.png?resize=700%2C350&#038;ssl=1\" height=\"350\" width=\"700\" alt=\"\" class=\"slider-1504 slide-1505 msDefaultImage\" title=\"241031-CartoucheD#1\" \/><\/a><\/li>\n                <li style=\"display: none; width: 100%;\" class=\"slide-1506 ms-image \" aria-roledescription=\"slide\" data-date=\"2024-10-24 10:29:35\" data-filename=\"241031-CartoucheD2-700x350.png\" data-slide-type=\"image\"><a href=\"https:\/\/inprincipo2024.inprincipo.com\/wp-content\/uploads\/2024\/10\/INP_D2-Leader-navigateur-en-incertitude-1.pdf\" target=\"_blank\" aria-label=\"t\u00e9l\u00e9charger la fiche\" class=\"metaslider_image_link\"><img data-recalc-dims=\"1\" loading=\"lazy\" decoding=\"async\" src=\"https:\/\/i0.wp.com\/inprincipo2024.inprincipo.com\/wp-content\/uploads\/2024\/10\/241031-CartoucheD2.png?resize=700%2C350&#038;ssl=1\" height=\"350\" width=\"700\" alt=\"\" class=\"slider-1504 slide-1506 msDefaultImage\" title=\"241031-CartoucheD#2\" \/><\/a><\/li>\n                <li style=\"display: none; width: 100%;\" class=\"slide-1507 ms-image \" aria-roledescription=\"slide\" data-date=\"2024-10-24 10:29:35\" data-filename=\"241031-CartoucheD3-700x350.png\" data-slide-type=\"image\"><a href=\"https:\/\/inprincipo2024.inprincipo.com\/wp-content\/uploads\/2024\/10\/INP_D3-Leader-entreprise-a-mission-1.pdf\" target=\"_blank\" aria-label=\"t\u00e9l\u00e9charger la fiche\" class=\"metaslider_image_link\"><img data-recalc-dims=\"1\" loading=\"lazy\" decoding=\"async\" src=\"https:\/\/i0.wp.com\/inprincipo2024.inprincipo.com\/wp-content\/uploads\/2024\/10\/241031-CartoucheD3.png?resize=700%2C350&#038;ssl=1\" height=\"350\" width=\"700\" alt=\"\" class=\"slider-1504 slide-1507 msDefaultImage\" title=\"241031-CartoucheD#3\" \/><\/a><\/li>\n            <\/ul>\n        <\/div>\n        \n    <\/div>\n<\/div><\/div>\n\n\n\n<div style=\"height:39px\" aria-hidden=\"true\" class=\"wp-block-spacer\"><\/div>\n\n\n\n<div class=\"wp-block-buttons is-content-justification-center is-layout-flex wp-container-core-buttons-is-layout-a89b3969 wp-block-buttons-is-layout-flex\">\n<div class=\"wp-block-button\"><a class=\"wp-block-button__link has-ti-accent-color has-ti-bg-background-color has-text-color has-background has-link-color has-poppins-font-family wp-element-button\" href=\"https:\/\/inprincipo2024.inprincipo.com\/wp-content\/uploads\/2025\/07\/250711-INPACADEMYD-Catalogue2025-LesParcours.pdf\" style=\"font-style:normal;font-weight:200\" target=\"_blank\" rel=\"noreferrer noopener\">T\u00c9L\u00c9CHARGER LE CATALOGUE<br>LES PARCOURS<\/a><\/div>\n<\/div>\n\n\n\n<div style=\"height:52px\" aria-hidden=\"true\" class=\"wp-block-spacer\"><\/div>\n\n\n\n<h2 class=\"wp-block-heading\">IN PRINCIPO EST UN ORGANISME DE FORMATION CERTIFIE QUALIOPI<\/h2>\n\n\n\n<p>In Principo, organisme de formation, est certifi\u00e9 Qualiopi.<br>La certification a \u00e9t\u00e9 d\u00e9livr\u00e9e au titre de la Cat\u00e9gorie d\u2019Action Suivante&nbsp;: Action de Formation<br>Taux de satisfaction de nos participants (au 30 ao\u00fbt 2024)&nbsp;: 92,75&nbsp;%<br>Nombre de participants depuis 2013 (au 30 ao\u00fbt 2024)&nbsp;: 1&nbsp;786&nbsp;<\/p>\n\n\n\n<div class=\"wp-block-buttons is-content-justification-center is-layout-flex wp-container-core-buttons-is-layout-a89b3969 wp-block-buttons-is-layout-flex\">\n<div class=\"wp-block-button has-custom-width wp-block-button__width-75 is-style-outline is-style-outline--1\"><a class=\"wp-block-button__link has-ti-bg-color has-text-color has-background has-link-color has-poppins-font-family wp-element-button\" href=\"https:\/\/inprincipo2024.inprincipo.com\/index.php\/in-principo-organisme-de-formation-certifie-qualiopi\/\" style=\"background-color:#ffffff4f;font-style:normal;font-weight:200\" target=\"_blank\" rel=\"noreferrer noopener\">voir la page CERTIFICATION QUALIOPI de In Principo<\/a><\/div>\n<\/div>\n<\/div>\n\n\n\n<div class=\"wp-block-column is-layout-flow wp-block-column-is-layout-flow\" style=\"flex-basis:10%\"><\/div>\n<\/div>\n\n\n\n<div style=\"height:33px\" aria-hidden=\"true\" class=\"wp-block-spacer\"><\/div>\n\n\n\n<div class=\"wp-block-group has-ti-bg-background-color has-background is-layout-constrained wp-container-core-group-is-layout-79c9c7ea wp-block-group-is-layout-constrained\" style=\"padding-right:0;padding-left:0\">\n<div style=\"height:41px\" aria-hidden=\"true\" class=\"wp-block-spacer\"><\/div>\n\n\n\n<div class=\"wp-block-group alignwide has-ti-accent-color has-text-color has-link-color wp-elements-a48524c72e2059d497dcedb1ecfbac59 is-content-justification-center is-nowrap is-layout-flex wp-container-core-group-is-layout-23441af8 wp-block-group-is-layout-flex\">\n<div id=\"wp-block-themeisle-blocks-font-awesome-icons-08461d12\" class=\"wp-block-themeisle-blocks-font-awesome-icons\"><span class=\"wp-block-themeisle-blocks-font-awesome-icons-container\"><i class=\"fas fa-arrow-circle-right\"><\/i><\/span><\/div>\n\n\n\n<h2 class=\"wp-block-heading alignwide has-ti-accent-color has-text-color has-link-color wp-elements-75f2f67e232aea354248db67d47da3e7\">Int\u00e9ress\u00e9 ? Intrigu\u00e9 ? Curieux ? <br>Contactez-nous !<\/h2>\n<\/div>\n\n\n\n<div style=\"height:41px\" aria-hidden=\"true\" class=\"wp-block-spacer\"><\/div>\n\n\n\n<div class=\"wp-block-columns is-layout-flex wp-container-core-columns-is-layout-cf05694f wp-block-columns-is-layout-flex\">\n<div class=\"wp-block-column is-layout-flow wp-block-column-is-layout-flow\" style=\"flex-basis:100%\">\n<div id=\"wp-block-themeisle-blocks-form-346b5dd6\" class=\"wp-block-themeisle-blocks-form\" data-option-name=\"bf9b28ff82ce323187abc5d0feb0d8f07ecd8436_346b5dd6\"><form class=\"otter-form__container\">\n<div id=\"wp-block-themeisle-blocks-form-input-7a7d6f42\" class=\"wp-block-themeisle-blocks-form-input\"><label for=\"wp-block-themeisle-blocks-form-input-7a7d6f42-input\" class=\"otter-form-input-label\"><span class=\"otter-form-input-label__label\"><em>Votre pr\u00e9nom, votre nom<\/em><\/span><span class=\"required\">*<\/span><\/label><input type=\"text\" id=\"wp-block-themeisle-blocks-form-input-7a7d6f42-input\" required class=\"otter-form-input\"\/><\/div>\n\n\n\n<div id=\"wp-block-themeisle-blocks-form-input-f8745400\" class=\"wp-block-themeisle-blocks-form-input\"><label for=\"wp-block-themeisle-blocks-form-input-f8745400-input\" class=\"otter-form-input-label\"><span class=\"otter-form-input-label__label\"><em>Votre entreprise<\/em><\/span><span class=\"required\">*<\/span><\/label><input type=\"text\" id=\"wp-block-themeisle-blocks-form-input-f8745400-input\" required class=\"otter-form-input\"\/><\/div>\n\n\n\n<div id=\"wp-block-themeisle-blocks-form-input-50b2af0b\" class=\"wp-block-themeisle-blocks-form-input\"><label for=\"wp-block-themeisle-blocks-form-input-50b2af0b-input\" class=\"otter-form-input-label\"><span class=\"otter-form-input-label__label\"><em>Votre email<\/em><\/span><span class=\"required\">*<\/span><\/label><input type=\"email\" id=\"wp-block-themeisle-blocks-form-input-50b2af0b-input\" required class=\"otter-form-input\"\/><\/div>\n\n\n<div class=\"protection\" aria-hidden=\"true\"><input type=\"hidden\" id=\"wp-block-themeisle-blocks-form-346b5dd6_nonce_field\" name=\"wp-block-themeisle-blocks-form-346b5dd6_nonce_field\" value=\"d2accb5924\" \/><input type=\"hidden\" name=\"_wp_http_referer\" value=\"\/index.php\/wp-json\/wp\/v2\/pages\/1131\" \/><input class=\"o-anti-bot\" type=\"checkbox\"><\/div>\n\n\n<div id=\"wp-block-themeisle-blocks-form-input-162629e2\" class=\"wp-block-themeisle-blocks-form-input\"><label for=\"wp-block-themeisle-blocks-form-input-162629e2-input\" class=\"otter-form-input-label\"><span class=\"otter-form-input-label__label\"><em>Votre t\u00e9l\u00e9phone<\/em><\/span><\/label><input type=\"text\" id=\"wp-block-themeisle-blocks-form-input-162629e2-input\" class=\"otter-form-input\"\/><\/div>\n\n\n\n<div id=\"wp-block-themeisle-blocks-form-textarea-fcb0e154\" class=\"wp-block-themeisle-blocks-form-textarea\"><label for=\"wp-block-themeisle-blocks-form-textarea-fcb0e154-input\" class=\"otter-form-textarea-label\"><span class=\"otter-form-textarea-label__label\"><em>Votre message<\/em><\/span><\/label><textarea id=\"wp-block-themeisle-blocks-form-textarea-fcb0e154-input\" rows=\"10\" class=\"otter-form-textarea-input\"><\/textarea><\/div>\n\n\n\n<p class=\"has-ti-accent-color has-text-color has-link-color has-extra-small-font-size wp-elements-a17176c1e7a7b6b6f6d5d99a94002762\">En soumettant ce formulaire de contact, vous acceptez que les informations saisies soient exploit\u00e9es dans le cadre de votre demande.<\/p>\n\n\n\n<p class=\"has-ti-accent-color has-text-color has-link-color has-small-font-size wp-elements-ce1b4950b9ec67c890628eeb929a4551\" style=\"margin-top:0;margin-bottom:0\">Pour conna\u00eetre et exercer vos droits, notamment de retrait de votre consentement \u00e0 l\u2019utilisation des donn\u00e9es collect\u00e9es par ce formulaire, veuillez consulter les conditions g\u00e9n\u00e9rales d\u2019utilisation li\u00e9es \u00e0 la&nbsp;<a href=\"https:\/\/www.ruptur.fr\/vos-donnees-personnelles\/\">gestion des donn\u00e9es personnelles<\/a>.<\/p>\n<div class=\"wp-block-button\"><button class=\"wp-block-button__link\" type=\"submit\">Submit<\/button><\/div><\/form><\/div>\n<\/div>\n<\/div>\n<\/div>\n","protected":false},"excerpt":{"rendered":"<p>In Principo en France www.inprincipo.com In Principo Paris60 rue de Richelieu75002 PARIS+33 1 53 05 99 75 In Principo Lyon3 cours Charlemagne69003 LYON In Principo Hauts de FranceCampus AGROTECHSquare Eug\u00e8ne Thomas&nbsp;59780 WILLEMS&nbsp; Depuis 2011, In Principo d\u00e9veloppe des formations \u00e0 destination de tous les acteurs des organisations et des \u00e9cosyst\u00e8mes et de leurs accompagnants&nbsp;pour renforcer [&hellip;]<\/p>\n","protected":false},"author":1,"featured_media":0,"parent":0,"menu_order":0,"comment_status":"closed","ping_status":"closed","template":"wp-custom-template-pages-grande-largeur","meta":{"_themeisle_gutenberg_block_has_review":false,"footnotes":""},"class_list":["post-1131","page","type-page","status-publish","hentry"],"jetpack-related-posts":[{"id":1627,"url":"https:\/\/inprincipo2024.inprincipo.com\/index.php\/in-principo-organisme-de-formation-certifie-qualiopi\/","url_meta":{"origin":1131,"position":0},"title":"IN PRINCIPO | Organisme de formation certifi\u00e9 Qualiopi","author":"In Principo","date":"4 novembre 2024","format":false,"excerpt":"In Principo est organisme de formation depuis 2011 et certifi\u00e9 QUALIOPI depuis 2021.\u00a0 Notre certification a fait l\u2019objet d\u2019audits de contr\u00f4le r\u00e9guliers par ATALIA Certification qui certifie que l\u2019organisme cit\u00e9 ci-dessus est \u00e9valu\u00e9 et jug\u00e9 conforme aux exigences requises par le R\u00e9f\u00e9rentiel national sur la qualit\u00e9 des actions concourant au\u2026","rel":"","context":"Article similaire","block_context":{"text":"Article similaire","link":""},"img":{"alt_text":"","src":"https:\/\/i0.wp.com\/inprincipo2024.inprincipo.com\/wp-content\/uploads\/2026\/03\/PG2402-Certificat-RNQ_IN-PRINCIPO.png?resize=350%2C200&ssl=1","width":350,"height":200,"srcset":"https:\/\/i0.wp.com\/inprincipo2024.inprincipo.com\/wp-content\/uploads\/2026\/03\/PG2402-Certificat-RNQ_IN-PRINCIPO.png?resize=350%2C200&ssl=1 1x, https:\/\/i0.wp.com\/inprincipo2024.inprincipo.com\/wp-content\/uploads\/2026\/03\/PG2402-Certificat-RNQ_IN-PRINCIPO.png?resize=525%2C300&ssl=1 1.5x, https:\/\/i0.wp.com\/inprincipo2024.inprincipo.com\/wp-content\/uploads\/2026\/03\/PG2402-Certificat-RNQ_IN-PRINCIPO.png?resize=700%2C400&ssl=1 2x, https:\/\/i0.wp.com\/inprincipo2024.inprincipo.com\/wp-content\/uploads\/2026\/03\/PG2402-Certificat-RNQ_IN-PRINCIPO.png?resize=1050%2C600&ssl=1 3x"},"classes":[]},{"id":1042,"url":"https:\/\/inprincipo2024.inprincipo.com\/index.php\/les-prestations\/","url_meta":{"origin":1131,"position":1},"title":"LES PRESTATIONS","author":"In Principo","date":"9 octobre 2024","format":false,"excerpt":"LES \u00c9TAPES DE LA FACILITATION STRAT\u00c9GIQUE LES ACCOMPAGNEMENTS LES FORMATIONS LES PROGRAMMES In Principo en France www.inprincipo.com In Principo Paris60 rue de Richelieu75002 PARIS+33 1 53 05 99 75 In Principo Lyon3 cours Charlemagne69003 LYON In Principo Hauts de FranceCampus AGROTECHSquare Eug\u00e8ne Thomas\u00a059780 Willems\u00a0 In Principo Maine(en cours) Pour d\u00e9velopper\u2026","rel":"","context":"Article similaire","block_context":{"text":"Article similaire","link":""},"img":{"alt_text":"","src":"","width":0,"height":0},"classes":[]},{"id":7173,"url":"https:\/\/inprincipo2024.inprincipo.com\/index.php\/formation-edgy-104-concevoir-un-plan-devolution-avec-edgy\/","url_meta":{"origin":1131,"position":2},"title":"Formation EDGY #104 \u00ab\u00a0Concevoir un plan d&rsquo;\u00e9volution avec EDGY\u00a0\u00bb","author":"Olivier Reaud","date":"5 novembre 2025","format":false,"excerpt":"Comment codesigner concr\u00e8tement un projet d\u2019\u00e9volution avec EDGY ? Cette formation enseigne comment passer de l'analyse port\u00e9e par les parties prenantes au plan d'action cod\u00e9finit et engag\u00e9 par une d\u00e9cision collective. Plus les enjeux d\u2019un projet sont complexes, plus les parties prenantes jouent leurs int\u00e9r\u00eats et questionnent le projet avec\u2026","rel":"","context":"Article similaire","block_context":{"text":"Article similaire","link":""},"img":{"alt_text":"","src":"https:\/\/i0.wp.com\/inprincipo2024.inprincipo.com\/wp-content\/uploads\/2025\/11\/Cartouche-Carre-EDGY104-Mars-2026.png?resize=350%2C200&ssl=1","width":350,"height":200,"srcset":"https:\/\/i0.wp.com\/inprincipo2024.inprincipo.com\/wp-content\/uploads\/2025\/11\/Cartouche-Carre-EDGY104-Mars-2026.png?resize=350%2C200&ssl=1 1x, https:\/\/i0.wp.com\/inprincipo2024.inprincipo.com\/wp-content\/uploads\/2025\/11\/Cartouche-Carre-EDGY104-Mars-2026.png?resize=525%2C300&ssl=1 1.5x, https:\/\/i0.wp.com\/inprincipo2024.inprincipo.com\/wp-content\/uploads\/2025\/11\/Cartouche-Carre-EDGY104-Mars-2026.png?resize=700%2C400&ssl=1 2x"},"classes":[]},{"id":361,"url":"https:\/\/inprincipo2024.inprincipo.com\/index.php\/distributeur-francais\/","url_meta":{"origin":1131,"position":3},"title":"\u00c9TUDE DE CAS : DISTRIBUTEUR FRAN\u00c7AIS","author":"In Principo","date":"10 septembre 2024","format":false,"excerpt":"Transformer la culture manag\u00e9riale op\u00e9rationnelle par un parcours de formation r\u00e9g\u00e9n\u00e9rant et transformant\u00a0 Comme tous les distributeurs, cette Enseigne a \u00e9t\u00e9 impact\u00e9e par les multiples \u00e9volutions de son m\u00e9tier et de la soci\u00e9t\u00e9 puis par les turbulences dans lesquelles nous vivons aujourd\u2019hui.\u2026 Mais ce distributeur ne r\u00e9agit pas comme les\u2026","rel":"","context":"Article similaire","block_context":{"text":"Article similaire","link":""},"img":{"alt_text":"","src":"","width":0,"height":0},"classes":[]},{"id":1133,"url":"https:\/\/inprincipo2024.inprincipo.com\/index.php\/les-programmes\/","url_meta":{"origin":1131,"position":4},"title":"LES PROGRAMMES","author":"In Principo","date":"15 octobre 2024","format":false,"excerpt":"LA M\u00c9THODE LES ACCOMPAGNEMENTS LES FORMATIONS LES PROGRAMMES In Principo en France www.inprincipo.com In Principo Paris60 rue de Richelieu75002 PARIS+33 1 53 05 99 75 In Principo Lyon3 cours Charlemagne69003 LYON In Principo Hauts de FranceCampus AGROTECHSquare Eug\u00e8ne Thomas\u00a059780 Willems\u00a0 In Principo Maine(en cours) Les Programmes de R\u00e9g\u00e9n\u00e9ration Continue\u00a0pour d\u00e9velopper\u2026","rel":"","context":"Article similaire","block_context":{"text":"Article similaire","link":""},"img":{"alt_text":"","src":"","width":0,"height":0},"classes":[]},{"id":1061,"url":"https:\/\/inprincipo2024.inprincipo.com\/index.php\/un-peu-dhistoire\/","url_meta":{"origin":1131,"position":5},"title":"UN PEU D&rsquo;HISTOIRE","author":"In Principo","date":"9 octobre 2024","format":false,"excerpt":"QUI SOMMES-NOUS ? L'\u00c9QUIPE UN PEU D'HISTOIRE NOS PARTENAIRES In Principo en France www.inprincipo.com In Principo Paris60 rue de Richelieu75002 PARIS+33 1 53 05 99 75 In Principo Lyon3 cours Charlemagne69003 LYON In Principo Hauts de FranceCampus AGROTECHSquare Eug\u00e8ne Thomas\u00a059780 Willems\u00a0 In Principo Laval(en cours) Fond\u00e9e en 2002, In Principo\u2026","rel":"","context":"Article similaire","block_context":{"text":"Article similaire","link":""},"img":{"alt_text":"","src":"","width":0,"height":0},"classes":[]}],"jetpack_sharing_enabled":true,"_links":{"self":[{"href":"https:\/\/inprincipo2024.inprincipo.com\/index.php\/wp-json\/wp\/v2\/pages\/1131","targetHints":{"allow":["GET"]}}],"collection":[{"href":"https:\/\/inprincipo2024.inprincipo.com\/index.php\/wp-json\/wp\/v2\/pages"}],"about":[{"href":"https:\/\/inprincipo2024.inprincipo.com\/index.php\/wp-json\/wp\/v2\/types\/page"}],"author":[{"embeddable":true,"href":"https:\/\/inprincipo2024.inprincipo.com\/index.php\/wp-json\/wp\/v2\/users\/1"}],"replies":[{"embeddable":true,"href":"https:\/\/inprincipo2024.inprincipo.com\/index.php\/wp-json\/wp\/v2\/comments?post=1131"}],"version-history":[{"count":86,"href":"https:\/\/inprincipo2024.inprincipo.com\/index.php\/wp-json\/wp\/v2\/pages\/1131\/revisions"}],"predecessor-version":[{"id":5670,"href":"https:\/\/inprincipo2024.inprincipo.com\/index.php\/wp-json\/wp\/v2\/pages\/1131\/revisions\/5670"}],"wp:attachment":[{"href":"https:\/\/inprincipo2024.inprincipo.com\/index.php\/wp-json\/wp\/v2\/media?parent=1131"}],"curies":[{"name":"wp","href":"https:\/\/api.w.org\/{rel}","templated":true}]}}