{"id":1129,"date":"2024-10-15T15:42:48","date_gmt":"2024-10-15T13:42:48","guid":{"rendered":"https:\/\/inprincipo2024.inprincipo.com\/?page_id=1129"},"modified":"2024-10-25T18:53:42","modified_gmt":"2024-10-25T16:53:42","slug":"les-accompagnements","status":"publish","type":"page","link":"https:\/\/inprincipo2024.inprincipo.com\/index.php\/les-accompagnements\/","title":{"rendered":"LES ACCOMPAGNEMENTS"},"content":{"rendered":"\n<div class=\"wp-block-columns is-layout-flex wp-container-core-columns-is-layout-f5a44f5b wp-block-columns-is-layout-flex\">\n<div class=\"wp-block-column is-layout-flow wp-block-column-is-layout-flow\" style=\"flex-basis:25%\">\n<div class=\"wp-block-group is-layout-constrained wp-container-core-group-is-layout-0be64e95 wp-block-group-is-layout-constrained\" style=\"padding-right:var(--wp--preset--spacing--50)\">\n<div id=\"wp-block-themeisle-blocks-button-group-35b12e7e\" class=\"wp-block-themeisle-blocks-button-group wp-block-buttons align-full-desktop\">\n<div id=\"wp-block-themeisle-blocks-button-c2f0bf5e\" class=\"wp-block-themeisle-blocks-button wp-block-button\"><a href=\"https:\/\/inprincipo2024.inprincipo.com\/index.php\/la-methode\/\" target=\"_self\" rel=\"noopener noreferrer\" class=\"wp-block-button__link\"><span>LA M\u00c9THODE<\/span><\/a><\/div>\n<\/div>\n\n\n\n<div id=\"wp-block-themeisle-blocks-button-group-16655761\" class=\"wp-block-themeisle-blocks-button-group wp-block-buttons align-full-desktop\">\n<div id=\"wp-block-themeisle-blocks-button-ea13c664\" class=\"wp-block-themeisle-blocks-button wp-block-button\"><a target=\"_self\" rel=\"noopener noreferrer\" class=\"wp-block-button__link\"><span>LES ACCOMPAGNEMENTS<\/span><\/a><\/div>\n<\/div>\n\n\n\n<div id=\"wp-block-themeisle-blocks-button-group-9168bd7f\" class=\"wp-block-themeisle-blocks-button-group wp-block-buttons align-full-desktop\">\n<div id=\"wp-block-themeisle-blocks-button-249c31d1\" class=\"wp-block-themeisle-blocks-button wp-block-button\"><a href=\"https:\/\/inprincipo2024.inprincipo.com\/index.php\/les-formations\/\" target=\"_self\" rel=\"noopener noreferrer\" class=\"wp-block-button__link\"><span>LES FORMATIONS<\/span><\/a><\/div>\n<\/div>\n\n\n\n<div id=\"wp-block-themeisle-blocks-button-group-d2f2d7cd\" class=\"wp-block-themeisle-blocks-button-group wp-block-buttons align-full-desktop\">\n<div id=\"wp-block-themeisle-blocks-button-389f36e5\" class=\"wp-block-themeisle-blocks-button wp-block-button\"><a href=\"https:\/\/inprincipo2024.inprincipo.com\/index.php\/les-programmes\/\" target=\"_self\" rel=\"noopener noreferrer\" class=\"wp-block-button__link\"><span>LES PROGRAMMES<\/span><\/a><\/div>\n<\/div>\n<\/div>\n\n\n\n<div style=\"height:57px\" aria-hidden=\"true\" class=\"wp-block-spacer\"><\/div>\n\n\n\n<h3 class=\"wp-block-heading\">In Principo en France<\/h3>\n\n\n\n<p><a href=\"http:\/\/www.inprincipo.com\/\">www.inprincipo.com<\/a><\/p>\n\n\n\n<p><strong>In Principo Paris<br><\/strong>60 rue de Richelieu<br>75002 PARIS<br>+33 1 53 05 99 75<\/p>\n\n\n\n<p><strong>In Principo Lyon<br><\/strong>3 cours Charlemagne<br>69003 LYON<\/p>\n\n\n\n<p><strong>In Principo Hauts de France<br><\/strong>Campus AGROTECH<br>Square Eug\u00e8ne Thomas&nbsp;<br>59780 Willems&nbsp;<\/p>\n\n\n\n<p><strong>In Principo Maine<br><\/strong>(en cours)<\/p>\n<\/div>\n\n\n\n<div class=\"wp-block-column is-layout-flow wp-block-column-is-layout-flow\" style=\"flex-basis:65%\">\n<p>Depuis l\u2019origine, nous r\u00e9pondons de mani\u00e8re sp\u00e9cifique, sur mesure, \u00e0 nos clients. Depuis 2023, nous avons entrepris de faciliter le premier dialogue client avec des fiches pr\u00e9figuratrices valorisant des probl\u00e9matiques identifi\u00e9es et d\u00e9j\u00e0 trait\u00e9es associ\u00e9es \u00e0 des designs de d\u00e9marches en dynamiques collaboratives. Ce ne sont pas des recettes mais des bases de dialogue pour \u00eatre plus rapidement pertinents ensemble.<\/p>\n\n\n\n<p>Nous accompagnons vos enjeux d\u2019\u00e9volution selon une gradation d\u2019implication et de formats de d\u00e9marche de quelques semaines \u00e0 plusieurs trimestres selon vos enjeux, votre intention, votre ambition, vos objectifs.&nbsp;<\/p>\n\n\n\n<h2 class=\"wp-block-heading\">Activation&nbsp;Op\u00e9rationnelle : sujets cibl\u00e9s, intervention compacte<\/h2>\n\n\n\n<ul class=\"wp-block-list\">\n<li>de quelques semaines \u00e0 quelques mois pour rendre acteur, moteur et cr\u00e9ateur votre collectif d\u2019un enjeu d\u2019\u00e9volution clairement identifi\u00e9<\/li>\n\n\n\n<li>In Principo propose des fiches pr\u00e9figuratives de d\u00e9marche pour chaque sujet r\u00e9guli\u00e8rement activ\u00e9. Chaque mission fera l\u2019objet d\u2019une \u00e9coute et d\u2019une proposition adapt\u00e9e.<\/li>\n\n\n\n<li>Retrouvez l\u2019int\u00e9gralit\u00e9 de nos fiches ici ou dans les espaces th\u00e9matiques de ce site\u2026<\/li>\n<\/ul>\n\n\n\n<h2 class=\"wp-block-heading\">Activation Strat\u00e9gique&nbsp;: sujets larges, intervention d\u00e9finie<\/h2>\n\n\n\n<ul class=\"wp-block-list\">\n<li>avec les acteurs cl\u00e9s de votre organisation nous travaillons votre questionnement strat\u00e9gique dans la perspective de partager une vision du pr\u00e9sent et des natures possibles du futur, d\u2019explorer les trajectoires les plus pertinentes, pour, avec votre collectif, valoriser celles qui engendreront la plus grande puissance cr\u00e9atrice, mobilisatrice, g\u00e9n\u00e9ratrice de valeur et d\u2019impact.<\/li>\n\n\n\n<li>In Principo r\u00e9pond de mani\u00e8re sp\u00e9cifique aux demandes strat\u00e9giques.<\/li>\n\n\n\n<li>Contactez nous et nous serons tr\u00e8s heureux de vous \u00e9couter, de pr\u00e9senter nos approches, de vous r\u00e9pondre \u2026<\/li>\n<\/ul>\n\n\n\n<h2 class=\"wp-block-heading\">D\u00e9marches de Transformation&nbsp;: sujets globaux, intervention longue<\/h2>\n\n\n\n<ul class=\"wp-block-list\">\n<li>de quelques mois \u00e0 plusieurs trimestres&nbsp;: une transformation est un acte majeur qui doit se pr\u00e9parer et \u00eatre assum\u00e9 avec les acteurs cl\u00e9s en osmose avec les accompagnants.&nbsp;<\/li>\n\n\n\n<li>une transformation est une d\u00e9marche longue o\u00f9 la nature de l\u2019organisation, sa dynamique et son \u00e9nergie, changent \u00e0 plusieurs reprises pour aboutir \u00e0 une organisation diff\u00e9rente tant en termes de capacit\u00e9, d\u2019intensit\u00e9, qu\u2019en termes de culture et de comportement.&nbsp;<\/li>\n\n\n\n<li>Une transformation est n\u00e9cessairement un continuum d\u2019actions tenu dans la dur\u00e9e et port\u00e9 par l\u2019\u00e9nergie de ses acteurs. Une transformation n\u00e9cessite un pilotage strat\u00e9gique pleinement assum\u00e9&nbsp;;<\/li>\n\n\n\n<li>Tous les accompagnants ne sont pas en capacit\u00e9 de conduire, ces phases, ces \u00e9tapes. Les facilitateurs strat\u00e9giques In Principo vous accompagnent d\u00e8s les premiers pas sur toutes les conditions et les \u00e9tapes pour r\u00e9ussir votre r\u00e9invention et votre mont\u00e9e en puissance collaborative.<\/li>\n\n\n\n<li>Retrouvez quelques fiches exemples ici et dans les espaces th\u00e9matiques de ce site\u2026<\/li>\n<\/ul>\n<\/div>\n\n\n\n<div class=\"wp-block-column is-layout-flow wp-block-column-is-layout-flow\" style=\"flex-basis:10%\"><\/div>\n<\/div>\n\n\n\n<div style=\"height:33px\" aria-hidden=\"true\" class=\"wp-block-spacer\"><\/div>\n\n\n\n<div class=\"wp-block-group has-ti-bg-background-color has-background is-layout-constrained wp-container-core-group-is-layout-79c9c7ea wp-block-group-is-layout-constrained\" style=\"padding-right:0;padding-left:0\">\n<div style=\"height:41px\" aria-hidden=\"true\" class=\"wp-block-spacer\"><\/div>\n\n\n\n<div class=\"wp-block-group alignwide has-ti-accent-color has-text-color has-link-color wp-elements-a48524c72e2059d497dcedb1ecfbac59 is-content-justification-center is-nowrap is-layout-flex wp-container-core-group-is-layout-23441af8 wp-block-group-is-layout-flex\">\n<div id=\"wp-block-themeisle-blocks-font-awesome-icons-08461d12\" class=\"wp-block-themeisle-blocks-font-awesome-icons\"><span class=\"wp-block-themeisle-blocks-font-awesome-icons-container\"><i class=\"fas fa-arrow-circle-right\"><\/i><\/span><\/div>\n\n\n\n<h2 class=\"wp-block-heading alignwide has-ti-accent-color has-text-color has-link-color wp-elements-75f2f67e232aea354248db67d47da3e7\">Int\u00e9ress\u00e9 ? Intrigu\u00e9 ? Curieux ? <br>Contactez-nous !<\/h2>\n<\/div>\n\n\n\n<div style=\"height:41px\" aria-hidden=\"true\" class=\"wp-block-spacer\"><\/div>\n\n\n\n<div class=\"wp-block-columns is-layout-flex wp-container-core-columns-is-layout-cf05694f wp-block-columns-is-layout-flex\">\n<div class=\"wp-block-column is-layout-flow wp-block-column-is-layout-flow\" style=\"flex-basis:100%\">\n<div id=\"wp-block-themeisle-blocks-form-346b5dd6\" class=\"wp-block-themeisle-blocks-form\" data-option-name=\"bf9b28ff82ce323187abc5d0feb0d8f07ecd8436_346b5dd6\"><form class=\"otter-form__container\">\n<div id=\"wp-block-themeisle-blocks-form-input-7a7d6f42\" class=\"wp-block-themeisle-blocks-form-input\"><label for=\"wp-block-themeisle-blocks-form-input-7a7d6f42-input\" class=\"otter-form-input-label\"><span class=\"otter-form-input-label__label\"><em>Votre pr\u00e9nom, votre nom<\/em><\/span><span class=\"required\">*<\/span><\/label><input type=\"text\" id=\"wp-block-themeisle-blocks-form-input-7a7d6f42-input\" required class=\"otter-form-input\"\/><\/div>\n\n\n\n<div id=\"wp-block-themeisle-blocks-form-input-f8745400\" class=\"wp-block-themeisle-blocks-form-input\"><label for=\"wp-block-themeisle-blocks-form-input-f8745400-input\" class=\"otter-form-input-label\"><span class=\"otter-form-input-label__label\"><em>Votre entreprise<\/em><\/span><span class=\"required\">*<\/span><\/label><input type=\"text\" id=\"wp-block-themeisle-blocks-form-input-f8745400-input\" required class=\"otter-form-input\"\/><\/div>\n\n\n\n<div id=\"wp-block-themeisle-blocks-form-input-50b2af0b\" class=\"wp-block-themeisle-blocks-form-input\"><label for=\"wp-block-themeisle-blocks-form-input-50b2af0b-input\" class=\"otter-form-input-label\"><span class=\"otter-form-input-label__label\"><em>Votre email<\/em><\/span><span class=\"required\">*<\/span><\/label><input type=\"email\" id=\"wp-block-themeisle-blocks-form-input-50b2af0b-input\" required class=\"otter-form-input\"\/><\/div>\n\n\n<div class=\"protection\" aria-hidden=\"true\"><input type=\"hidden\" id=\"wp-block-themeisle-blocks-form-346b5dd6_nonce_field\" name=\"wp-block-themeisle-blocks-form-346b5dd6_nonce_field\" value=\"d2accb5924\" \/><input type=\"hidden\" name=\"_wp_http_referer\" value=\"\/index.php\/wp-json\/wp\/v2\/pages\/1129\" \/><input class=\"o-anti-bot\" type=\"checkbox\"><\/div>\n\n\n<div id=\"wp-block-themeisle-blocks-form-input-162629e2\" class=\"wp-block-themeisle-blocks-form-input\"><label for=\"wp-block-themeisle-blocks-form-input-162629e2-input\" class=\"otter-form-input-label\"><span class=\"otter-form-input-label__label\"><em>Votre t\u00e9l\u00e9phone<\/em><\/span><\/label><input type=\"text\" id=\"wp-block-themeisle-blocks-form-input-162629e2-input\" class=\"otter-form-input\"\/><\/div>\n\n\n\n<div id=\"wp-block-themeisle-blocks-form-textarea-fcb0e154\" class=\"wp-block-themeisle-blocks-form-textarea\"><label for=\"wp-block-themeisle-blocks-form-textarea-fcb0e154-input\" class=\"otter-form-textarea-label\"><span class=\"otter-form-textarea-label__label\"><em>Votre message<\/em><\/span><\/label><textarea id=\"wp-block-themeisle-blocks-form-textarea-fcb0e154-input\" rows=\"10\" class=\"otter-form-textarea-input\"><\/textarea><\/div>\n\n\n\n<p class=\"has-ti-accent-color has-text-color has-link-color has-extra-small-font-size wp-elements-a17176c1e7a7b6b6f6d5d99a94002762\">En soumettant ce formulaire de contact, vous acceptez que les informations saisies soient exploit\u00e9es dans le cadre de votre demande.<\/p>\n\n\n\n<p class=\"has-ti-accent-color has-text-color has-link-color has-small-font-size wp-elements-ce1b4950b9ec67c890628eeb929a4551\" style=\"margin-top:0;margin-bottom:0\">Pour conna\u00eetre et exercer vos droits, notamment de retrait de votre consentement \u00e0 l\u2019utilisation des donn\u00e9es collect\u00e9es par ce formulaire, veuillez consulter les conditions g\u00e9n\u00e9rales d\u2019utilisation li\u00e9es \u00e0 la&nbsp;<a href=\"https:\/\/www.ruptur.fr\/vos-donnees-personnelles\/\">gestion des donn\u00e9es personnelles<\/a>.<\/p>\n<div class=\"wp-block-button\"><button class=\"wp-block-button__link\" type=\"submit\">Submit<\/button><\/div><\/form><\/div>\n<\/div>\n<\/div>\n<\/div>\n","protected":false},"excerpt":{"rendered":"<p>In Principo en France www.inprincipo.com In Principo Paris60 rue de Richelieu75002 PARIS+33 1 53 05 99 75 In Principo Lyon3 cours Charlemagne69003 LYON In Principo Hauts de FranceCampus AGROTECHSquare Eug\u00e8ne Thomas&nbsp;59780 Willems&nbsp; In Principo Maine(en cours) Depuis l\u2019origine, nous r\u00e9pondons de mani\u00e8re sp\u00e9cifique, sur mesure, \u00e0 nos clients. Depuis 2023, nous avons entrepris de faciliter [&hellip;]<\/p>\n","protected":false},"author":1,"featured_media":0,"parent":0,"menu_order":0,"comment_status":"closed","ping_status":"closed","template":"wp-custom-template-pages-grande-largeur","meta":{"_themeisle_gutenberg_block_has_review":false,"footnotes":""},"class_list":["post-1129","page","type-page","status-publish","hentry"],"jetpack-related-posts":[{"id":1042,"url":"https:\/\/inprincipo2024.inprincipo.com\/index.php\/les-prestations\/","url_meta":{"origin":1129,"position":0},"title":"LES PRESTATIONS","author":"In Principo","date":"9 octobre 2024","format":false,"excerpt":"LES \u00c9TAPES DE LA FACILITATION STRAT\u00c9GIQUE LES ACCOMPAGNEMENTS LES FORMATIONS LES PROGRAMMES In Principo en France www.inprincipo.com In Principo Paris60 rue de Richelieu75002 PARIS+33 1 53 05 99 75 In Principo Lyon3 cours Charlemagne69003 LYON In Principo Hauts de FranceCampus AGROTECHSquare Eug\u00e8ne Thomas\u00a059780 Willems\u00a0 In Principo Maine(en cours) Pour d\u00e9velopper\u2026","rel":"","context":"Article similaire","block_context":{"text":"Article similaire","link":""},"img":{"alt_text":"","src":"","width":0,"height":0},"classes":[]},{"id":660,"url":"https:\/\/inprincipo2024.inprincipo.com\/index.php\/lequipe\/","url_meta":{"origin":1129,"position":1},"title":"L&rsquo;\u00c9QUIPAGE","author":"In Principo","date":"18 septembre 2024","format":false,"excerpt":"Un \u00e9quipage pluridisciplinaire engag\u00e9 pour une \u00e9volution strat\u00e9gique, op\u00e9rationnelle et humaine des organisations Agence de Facilitation Strat\u00e9gique, nous sommes engag\u00e9s sur l\u2019impact de nos actions\u00a0: pertinence strat\u00e9gique, engagement des acteurs, intelligence de l\u2019action, capacit\u00e9 op\u00e9rationnelle, adaptative et \u00e9volutive de l\u2019organisation. Engag\u00e9s sur un impact durable de nos accompagnements et formations,\u2026","rel":"","context":"Article similaire","block_context":{"text":"Article similaire","link":""},"img":{"alt_text":"","src":"https:\/\/i0.wp.com\/inprincipo2024.inprincipo.com\/wp-content\/uploads\/2025\/08\/Harrie-Barron-portrait.png?resize=350%2C200&ssl=1","width":350,"height":200,"srcset":"https:\/\/i0.wp.com\/inprincipo2024.inprincipo.com\/wp-content\/uploads\/2025\/08\/Harrie-Barron-portrait.png?resize=350%2C200&ssl=1 1x, https:\/\/i0.wp.com\/inprincipo2024.inprincipo.com\/wp-content\/uploads\/2025\/08\/Harrie-Barron-portrait.png?resize=525%2C300&ssl=1 1.5x, https:\/\/i0.wp.com\/inprincipo2024.inprincipo.com\/wp-content\/uploads\/2025\/08\/Harrie-Barron-portrait.png?resize=700%2C400&ssl=1 2x"},"classes":[]},{"id":576,"url":"https:\/\/inprincipo2024.inprincipo.com\/index.php\/qui-sommes-nous\/","url_meta":{"origin":1129,"position":2},"title":"QUI SOMMES-NOUS ?","author":"In Principo","date":"18 septembre 2024","format":false,"excerpt":"QUI SOMMES-NOUS ? L'\u00c9QUIPE UN PEU D'HISTOIRE NOS PARTENAIRES In Principo en France www.inprincipo.com In Principo Paris60 rue de Richelieu75002 PARIS+33 1 53 05 99 75 In Principo Lyon3 cours Charlemagne69003 LYON In Principo Hauts de FranceCampus AGROTECHSquare Eug\u00e8ne Thomas\u00a059780 Willems\u00a0 Nous croyons, dans un monde en transition, turbulent et\u2026","rel":"","context":"Article similaire","block_context":{"text":"Article similaire","link":""},"img":{"alt_text":"","src":"","width":0,"height":0},"classes":[]},{"id":2293,"url":"https:\/\/inprincipo2024.inprincipo.com\/index.php\/lentreprise-a-mission-forte-en-valeur-et-en-impact\/","url_meta":{"origin":1129,"position":3},"title":"L&rsquo;Entreprise \u00e0 Mission : vraie, vivante, forte et authentique&#8230;","author":"Olivier Reaud","date":"8 mars 2025","format":false,"excerpt":"Beaucoup en ont r\u00eav\u00e9, une loi de 2019 lui a donn\u00e9 son cadre. D\u00e9sormais, par des proc\u00e9dures et des indicateurs l\u2019Entreprise \u00e0 Mission est une r\u00e9alit\u00e9 respect\u00e9e et int\u00e9gr\u00e9e dans les pratiques de gestion quotidiennes. D\u00e9sormais, l\u2019Entreprise \u00e0 Mission existe juridiquement et statutairement. Mais fait-elle encore r\u00eaver\u00a0? Pour \u00eatre v\u00e9ritablement\u2026","rel":"","context":"Article similaire","block_context":{"text":"Article similaire","link":""},"img":{"alt_text":"","src":"","width":0,"height":0},"classes":[]},{"id":325,"url":"https:\/\/inprincipo2024.inprincipo.com\/index.php\/credit-agricole-normandie\/","url_meta":{"origin":1129,"position":4},"title":"CREDIT AGRICOLE NORMANDIE","author":"In Principo","date":"10 septembre 2024","format":false,"excerpt":"R\u00e9ussir une fusion par et pour l\u2019\u00e9nergie collaborative \u00ab\u00a0L\u2019agilit\u00e9 ne se d\u00e9cr\u00e8te pas, elle se suscite de l\u2019int\u00e9rieur de l\u2019organisation\u00a0\u00bb.\u00a0\u00a0C\u2019est en accrochant sur cette phrase d\u2019un de nos posts de 2007 et reprise sur Wikipedia dans l\u2019article \u00ab\u00a0le management agile\u00a0\u00bb que le responsable de la transformation du Cr\u00e9dit Agricole Normandie\u2026","rel":"","context":"Article similaire","block_context":{"text":"Article similaire","link":""},"img":{"alt_text":"","src":"","width":0,"height":0},"classes":[]},{"id":1851,"url":"https:\/\/inprincipo2024.inprincipo.com\/index.php\/comment-reinventer-la-communication-dune-institution-dont-la-mission-est-precisement-le-dialogue-entre-les-parties-prenantes\/","url_meta":{"origin":1129,"position":5},"title":"Comment r\u00e9inventer la communication d\u2019une Institution dont la mission est pr\u00e9cis\u00e9ment le dialogue entre les parties prenantes\u00a0?","author":"In Principo","date":"18 f\u00e9vrier 2025","format":false,"excerpt":"La Commission Nationale du D\u00e9bat Public \u2013 connue sous son acronyme la CNDP \u2013 est l\u2019autorit\u00e9 ind\u00e9pendante garante du droit \u00e0 l\u2019information et \u00e0 la participation du public sur l\u2019\u00e9laboration des projets et des politiques publiques ayant un impact sur l\u2019environnement. En 2020, \u00e0 la veille de ses 25 ans,\u2026","rel":"","context":"Article similaire","block_context":{"text":"Article similaire","link":""},"img":{"alt_text":"","src":"https:\/\/i0.wp.com\/inprincipo2024.inprincipo.com\/wp-content\/uploads\/2025\/02\/CNDP.jpg?resize=350%2C200&ssl=1","width":350,"height":200,"srcset":"https:\/\/i0.wp.com\/inprincipo2024.inprincipo.com\/wp-content\/uploads\/2025\/02\/CNDP.jpg?resize=350%2C200&ssl=1 1x, https:\/\/i0.wp.com\/inprincipo2024.inprincipo.com\/wp-content\/uploads\/2025\/02\/CNDP.jpg?resize=525%2C300&ssl=1 1.5x, https:\/\/i0.wp.com\/inprincipo2024.inprincipo.com\/wp-content\/uploads\/2025\/02\/CNDP.jpg?resize=700%2C400&ssl=1 2x"},"classes":[]}],"jetpack_sharing_enabled":true,"_links":{"self":[{"href":"https:\/\/inprincipo2024.inprincipo.com\/index.php\/wp-json\/wp\/v2\/pages\/1129","targetHints":{"allow":["GET"]}}],"collection":[{"href":"https:\/\/inprincipo2024.inprincipo.com\/index.php\/wp-json\/wp\/v2\/pages"}],"about":[{"href":"https:\/\/inprincipo2024.inprincipo.com\/index.php\/wp-json\/wp\/v2\/types\/page"}],"author":[{"embeddable":true,"href":"https:\/\/inprincipo2024.inprincipo.com\/index.php\/wp-json\/wp\/v2\/users\/1"}],"replies":[{"embeddable":true,"href":"https:\/\/inprincipo2024.inprincipo.com\/index.php\/wp-json\/wp\/v2\/comments?post=1129"}],"version-history":[{"count":4,"href":"https:\/\/inprincipo2024.inprincipo.com\/index.php\/wp-json\/wp\/v2\/pages\/1129\/revisions"}],"predecessor-version":[{"id":1513,"href":"https:\/\/inprincipo2024.inprincipo.com\/index.php\/wp-json\/wp\/v2\/pages\/1129\/revisions\/1513"}],"wp:attachment":[{"href":"https:\/\/inprincipo2024.inprincipo.com\/index.php\/wp-json\/wp\/v2\/media?parent=1129"}],"curies":[{"name":"wp","href":"https:\/\/api.w.org\/{rel}","templated":true}]}}