{"id":1113,"date":"2024-10-15T15:20:14","date_gmt":"2024-10-15T13:20:14","guid":{"rendered":"https:\/\/inprincipo2024.inprincipo.com\/?page_id=1113"},"modified":"2025-12-07T18:00:23","modified_gmt":"2025-12-07T17:00:23","slug":"transitions-incertitudes-turbulences","status":"publish","type":"page","link":"https:\/\/inprincipo2024.inprincipo.com\/index.php\/transitions-incertitudes-turbulences\/","title":{"rendered":"TRANSITIONS, INCERTITUDES, TURBULENCES"},"content":{"rendered":"\n<div class=\"wp-block-columns is-layout-flex wp-container-core-columns-is-layout-f5a44f5b wp-block-columns-is-layout-flex\">\n<div class=\"wp-block-column is-layout-flow wp-block-column-is-layout-flow\" style=\"flex-basis:25%\">\n<div class=\"wp-block-group is-layout-constrained wp-container-core-group-is-layout-0be64e95 wp-block-group-is-layout-constrained\" style=\"padding-right:var(--wp--preset--spacing--50)\">\n<div id=\"wp-block-themeisle-blocks-button-group-35b12e7e\" class=\"wp-block-themeisle-blocks-button-group wp-block-buttons align-full-desktop\">\n<div id=\"wp-block-themeisle-blocks-button-c2f0bf5e\" class=\"wp-block-themeisle-blocks-button wp-block-button\"><a href=\"https:\/\/inprincipo2024.inprincipo.com\/index.php\/la-facilitation-strategique\/\" target=\"_self\" rel=\"noopener noreferrer\" class=\"wp-block-button__link\"><span>LA FACILITATION STRAT\u00c9GIQUE<\/span><\/a><\/div>\n<\/div>\n\n\n\n<div id=\"wp-block-themeisle-blocks-button-group-28c0734a\" class=\"wp-block-themeisle-blocks-button-group wp-block-buttons align-full-desktop\">\n<div id=\"wp-block-themeisle-blocks-button-62a7c529\" class=\"wp-block-themeisle-blocks-button wp-block-button\"><a target=\"_self\" rel=\"noopener noreferrer\" class=\"wp-block-button__link\"><span>TRANSITIONS, INCERTITUDES, TURBULENCES<\/span><\/a><\/div>\n<\/div>\n\n\n\n<div id=\"wp-block-themeisle-blocks-button-group-16655761\" class=\"wp-block-themeisle-blocks-button-group wp-block-buttons align-full-desktop\">\n<div id=\"wp-block-themeisle-blocks-button-ea13c664\" class=\"wp-block-themeisle-blocks-button wp-block-button\"><a href=\"https:\/\/inprincipo2024.inprincipo.com\/index.php\/les-dynamiques-collaboratives\/\" target=\"_self\" rel=\"noopener noreferrer\" class=\"wp-block-button__link\"><span>LES DYNAMIQUES COLLABORATIVES<\/span><\/a><\/div>\n<\/div>\n<\/div>\n\n\n\n<div style=\"height:57px\" aria-hidden=\"true\" class=\"wp-block-spacer\"><\/div>\n\n\n\n<h3 class=\"wp-block-heading\">In Principo en France<\/h3>\n\n\n\n<p><a href=\"http:\/\/www.inprincipo.com\/\">www.inprincipo.com<\/a><\/p>\n\n\n\n<p><strong>In Principo Paris<br><\/strong>60 rue de Richelieu<br>75002 PARIS<br>+33 1 53 05 99 75<\/p>\n\n\n\n<p><strong>In Principo Lyon<br><\/strong>3 cours Charlemagne<br>69003 LYON<\/p>\n\n\n\n<p><strong>In Principo Hauts de France<br><\/strong>Campus AGROTECH<br>Square Eug\u00e8ne Thomas&nbsp;<br>59780 Willems&nbsp;<\/p>\n\n\n\n<p><strong>In Principo Maine<br><\/strong>(en cours)<\/p>\n<\/div>\n\n\n\n<div class=\"wp-block-column is-layout-flow wp-block-column-is-layout-flow\" style=\"flex-basis:65%\">\n<p class=\"has-poppins-font-family\" style=\"font-size:clamp(0.875rem, 0.875rem + ((1vw - 0.2rem) * 0.634), 1.2rem);font-style:normal;font-weight:300;letter-spacing:1%\"><strong><em>Trois \u00e9volutions majeures bouleversent la dynamique des \u00e9volutions que nous vivons. Ces trois \u00e9volutions ensemble engendrent un contexte in\u00e9dit qui n\u00e9cessite de r\u00e9inventer nos organisations, nos \u00e9cosyst\u00e8mes.<\/em><\/strong><\/p>\n\n\n\n<figure class=\"wp-block-image size-large\"><img data-recalc-dims=\"1\" loading=\"lazy\" decoding=\"async\" width=\"1024\" height=\"539\" src=\"https:\/\/i0.wp.com\/inprincipo2024.inprincipo.com\/wp-content\/uploads\/2025\/03\/Transition-Incertitudes-Turbulences-by-In-Principo-V2-1.png?resize=1024%2C539&#038;ssl=1\" alt=\"\" class=\"wp-image-3133\" srcset=\"https:\/\/i0.wp.com\/inprincipo2024.inprincipo.com\/wp-content\/uploads\/2025\/03\/Transition-Incertitudes-Turbulences-by-In-Principo-V2-1.png?resize=1024%2C539&amp;ssl=1 1024w, https:\/\/i0.wp.com\/inprincipo2024.inprincipo.com\/wp-content\/uploads\/2025\/03\/Transition-Incertitudes-Turbulences-by-In-Principo-V2-1.png?resize=300%2C158&amp;ssl=1 300w, https:\/\/i0.wp.com\/inprincipo2024.inprincipo.com\/wp-content\/uploads\/2025\/03\/Transition-Incertitudes-Turbulences-by-In-Principo-V2-1.png?resize=768%2C404&amp;ssl=1 768w, https:\/\/i0.wp.com\/inprincipo2024.inprincipo.com\/wp-content\/uploads\/2025\/03\/Transition-Incertitudes-Turbulences-by-In-Principo-V2-1.png?resize=1536%2C808&amp;ssl=1 1536w, https:\/\/i0.wp.com\/inprincipo2024.inprincipo.com\/wp-content\/uploads\/2025\/03\/Transition-Incertitudes-Turbulences-by-In-Principo-V2-1.png?w=1900&amp;ssl=1 1900w\" sizes=\"auto, (max-width: 1000px) 100vw, 1000px\" \/><\/figure>\n\n\n\n<p class=\"has-poppins-font-family\" style=\"font-size:clamp(0.875rem, 0.875rem + ((1vw - 0.2rem) * 0.244), 1rem);font-style:normal;font-weight:300;letter-spacing:1%\">Nos collectifs agissants sont en panne. Non pas que nos strat\u00e8ges et nos managers soient devenus incomp\u00e9tents en quelques ann\u00e9es mais parce que le contexte dans lequel nous \u00e9volutions est radicalement diff\u00e9rent.<\/p>\n\n\n\n<p class=\"has-poppins-font-family\" style=\"font-size:clamp(0.875rem, 0.875rem + ((1vw - 0.2rem) * 0.244), 1rem);font-style:normal;font-weight:300;letter-spacing:1%\">Et les recettes de surface pour r\u00e9inventer la donne \u2013 entreprises lib\u00e9r\u00e9es, bonheur au travail, entreprise opale \u2013 ont plut\u00f4t sem\u00e9 la confusion qu\u2019apport\u00e9 des r\u00e9ponses de fond, op\u00e9rationnelle et structurante.<\/p>\n\n\n\n<p class=\"has-poppins-font-family\" style=\"font-size:clamp(0.875rem, 0.875rem + ((1vw - 0.2rem) * 0.244), 1rem);font-style:normal;font-weight:300;letter-spacing:1%\">En l\u2019espace de 20 ans, trois \u00e9volutions majeures se sont cumul\u00e9es&nbsp;:<\/p>\n\n\n\n<ul class=\"wp-block-list\">\n<li class=\"has-poppins-font-family\" style=\"font-size:clamp(0.875rem, 0.875rem + ((1vw - 0.2rem) * 0.244), 1rem);font-style:normal;font-weight:300;letter-spacing:1%\">La transition<\/li>\n\n\n\n<li class=\"has-poppins-font-family\" style=\"font-size:clamp(0.875rem, 0.875rem + ((1vw - 0.2rem) * 0.244), 1rem);font-style:normal;font-weight:300;letter-spacing:1%\">L\u2019incertitude<\/li>\n\n\n\n<li class=\"has-poppins-font-family\" style=\"font-size:clamp(0.875rem, 0.875rem + ((1vw - 0.2rem) * 0.244), 1rem);font-style:normal;font-weight:300;letter-spacing:1%\">Les turbulences<\/li>\n<\/ul>\n\n\n\n<p class=\"has-poppins-font-family\" style=\"font-size:clamp(0.875rem, 0.875rem + ((1vw - 0.2rem) * 0.244), 1rem);font-style:normal;font-weight:300;letter-spacing:1%\">C\u2019est la conjugaison des trois qui engendre ce contexte radicalement diff\u00e9rent.<\/p>\n\n\n\n<h2 class=\"wp-block-heading\">La transition<\/h2>\n\n\n\n<p class=\"has-poppins-font-family\" style=\"font-size:clamp(0.875rem, 0.875rem + ((1vw - 0.2rem) * 0.244), 1rem);font-style:normal;font-weight:300;letter-spacing:1%\">Avant 2005, il y avait des cycles clairs, des p\u00e9riodes de crises et de croissance.<\/p>\n\n\n\n<p class=\"has-poppins-font-family\" style=\"font-size:clamp(0.875rem, 0.875rem + ((1vw - 0.2rem) * 0.244), 1rem);font-style:normal;font-weight:300;letter-spacing:1%\">Apr\u00e8s 2010, il y a, \u00e0 l\u2019horizon, la transition, la catastrophe \u00e9cologique, climatique, soci\u00e9tale. A une croyance mobilisatrice par le progr\u00e8s, porteuse d\u2019optimisme depuis la Renaissance, succ\u00e8de les sc\u00e9narios du GIEC et leurs possibles 4,5\u00b0 en 2080. C\u2019est loin et c\u2019est pr\u00e8s. Les leaders comme les populations n\u2019osent plus se projeter quand d\u2019autres portent des th\u00e8ses radicales et inentendables. Comment \u00eatre intelligents avec l\u2019avenir&nbsp;? Comment devenir acteur de la solution&nbsp;? Si toute la dynamique RSE, ODD, ESG, entreprise \u00e0 mission, transition \u00e9nerg\u00e9tique entend r\u00e9pondre \u00e0 ce d\u00e9fi sur le plan des raisonnements et des actions, force est de constater aujourd\u2019hui qu\u2019elle reste insuffisante sur le plan des acteurs&nbsp;: perte de rep\u00e8res, \u00e9coanxi\u00e9t\u00e9, d\u00e9mobilisation. Chez In Principo, nous travaillons activement sur la dynamique des actions et des acteurs depuis 2008, pour mobiliser les organisations sur le long terme avec des engagements transformants \u00e0 court terme. Mais il n\u2019y a pas que la transition.<\/p>\n\n\n\n<h2 class=\"wp-block-heading\">L\u2019incertitude<\/h2>\n\n\n\n<p class=\"has-poppins-font-family\" style=\"font-size:clamp(0.875rem, 0.875rem + ((1vw - 0.2rem) * 0.244), 1rem);font-style:normal;font-weight:300;letter-spacing:1%\">Avant 2015, la notion d\u2019incertitude \u00e9tait un jargon de consultant plus ou moins obscur.&nbsp;<\/p>\n\n\n\n<p class=\"has-poppins-font-family\" style=\"font-size:clamp(0.875rem, 0.875rem + ((1vw - 0.2rem) * 0.244), 1rem);font-style:normal;font-weight:300;letter-spacing:1%\">Apr\u00e8s 2020, c\u2019est une notion claire, r\u00e9elle, exp\u00e9riment\u00e9e massivement par une grande partie de la plan\u00e8te. Comment se mobiliser ses \u00e9quipes dans un horizon de quelques mois \u00e0 quelques ann\u00e9es o\u00f9 rien n\u2019est clair&nbsp;? Comment manager par le sens quand il n\u2019y a plus de rep\u00e8res stables&nbsp;? Comment activer l\u2019\u00e9nergie des managers, des \u00e9quipes, anticiper, innover dans le brouillard de l\u2019incertitude&nbsp;? Chez In Principo, nous cr\u00e9ons les conditions pour d\u00e9passer l\u2019incertitude par la force d\u2019un cap align\u00e9 sur les fondamentaux de l\u2019organisation, par une dynamique d\u2019engagement, une confiance et une capacit\u00e9 collaborative. Nous formons \u00e9galement des managers \u00e0 faire de l\u2019incertitude une alli\u00e9e dans un contexte de plus en plus \u00e9pais (Voir notre parcours In Principo Academy Leaders Navigateurs). Mais il n\u2019y a pas que l\u2019incertitude.<\/p>\n\n\n\n<h2 class=\"wp-block-heading\">Les turbulences<\/h2>\n\n\n\n<p class=\"has-poppins-font-family\" style=\"font-size:clamp(0.875rem, 0.875rem + ((1vw - 0.2rem) * 0.244), 1rem);font-style:normal;font-weight:300;letter-spacing:1%\">Le COVID a tout d\u00e9stabilis\u00e9. Incertitude totale. Sauf que durant cette crise, chaque p\u00e9riode de quelques mois \u00e9tait carr\u00e9e. Confinement. D\u00e9confinement.&nbsp;<\/p>\n\n\n\n<p class=\"has-poppins-font-family\" style=\"font-size:clamp(0.875rem, 0.875rem + ((1vw - 0.2rem) * 0.244), 1rem);font-style:normal;font-weight:300;letter-spacing:1%\">F\u00e9vrier 2022, la g\u00e9opolitique fait irruption dans l\u2019actualit\u00e9. Tension internationale, p\u00e9nuries, inflation, polarisation, r\u00e9percussions en cascade. Tous les quelques jours un \u00e9v\u00e8nement vient percuter une trajectoire, une esp\u00e9rance. Les vagues de probl\u00e8mes se propagent. Tout fini par tanguer. Les turbulences rendent le quotidien inconfortable. Comment penser, prioriser, tenir une ligne d\u2019action&nbsp;? Que veut dire manager dans les turbulences&nbsp;? Les organisations doivent inventer d\u2019autres ressorts, d\u2019autres pratiques. Chez In Principo, nous consid\u00e9rons les turbulences comme une source d\u2019\u00e9nergie, d\u2019opportunit\u00e9s, pour renforcer la dynamique des \u00e9quipes et des organisations. Si votre dynamique propre est forte, vos \u00e9quipes seront d\u00e9termin\u00e9es par leur cap, vous d\u00e9passerez les turbulences, vous mobiliserez une \u00e9nergie sup\u00e9rieure aux questions qui vous entourent (Voir notre parcours In Principo Academy Leaders Navigateurs).&nbsp;<\/p>\n\n\n\n<p class=\"has-poppins-font-family\" style=\"font-size:clamp(0.875rem, 0.875rem + ((1vw - 0.2rem) * 0.244), 1rem);font-style:normal;font-weight:300;letter-spacing:1%\">Transitions, incertitudes, turbulences, chacune de ces \u00e9volutions majeures est relativement g\u00e9rable. Le cumul des trois, en revanche, propose une \u00e9quation in\u00e9dite.&nbsp;<\/p>\n\n\n\n<p class=\"has-poppins-font-family\" style=\"font-size:clamp(0.875rem, 0.875rem + ((1vw - 0.2rem) * 0.244), 1rem);font-style:normal;font-weight:300;letter-spacing:1%\">Dans une approche classique, ces trois \u00e9volutions rendent le fonctionnement tr\u00e8s difficile&nbsp;: pas de projection, pas de priorit\u00e9, une navigation \u00e0 vue, un engagement tr\u00e8s faible, des tensions\u2026 tout ce que l\u2019on observe.&nbsp;<\/p>\n\n\n\n<p class=\"has-poppins-font-family\" style=\"font-size:clamp(0.875rem, 0.875rem + ((1vw - 0.2rem) * 0.244), 1rem);font-style:normal;font-weight:300;letter-spacing:1%\">En dynamiques collaboratives, c\u2019est la conviction partag\u00e9e et sans cesse renouvel\u00e9e du collectif qui lui donne sa force son cap. Les \u00e9quipes sont solidaires, partagent les enjeux, une m\u00eame compr\u00e9hension, un cap, un engagement, un fonctionnement r\u00e9g\u00e9n\u00e9rateur, une dynamique. Les circonstances deviennent pour le collectif un sujet de d\u00e9passement. Pour le dire autrement, cette mer forte invite les \u00e9quipages de plein engagement \u00e0 plus encore aimer le grand large et l\u2019aventure collective porteuse de sens.<\/p>\n\n\n\n<p class=\"has-poppins-font-family\" style=\"font-size:clamp(0.875rem, 0.875rem + ((1vw - 0.2rem) * 0.244), 1rem);font-style:normal;font-weight:300;letter-spacing:1%\">La facilitation strat\u00e9gique est l\u2019approche qui permet \u00e0 un collectif de s\u2019inscrire dans cette dynamique d\u2019opportunit\u00e9, de d\u00e9velopper cette capacit\u00e9 essentielle \u00e0 devenir un collectif agissant au c\u0153ur des transitions, des incertitudes, des turbulences.<\/p>\n<\/div>\n\n\n\n<div class=\"wp-block-column is-layout-flow wp-block-column-is-layout-flow\" style=\"flex-basis:10%\"><\/div>\n<\/div>\n\n\n\n<div style=\"height:33px\" aria-hidden=\"true\" class=\"wp-block-spacer\"><\/div>\n\n\n\n<div class=\"wp-block-group has-ti-bg-background-color has-background is-layout-constrained wp-container-core-group-is-layout-79c9c7ea wp-block-group-is-layout-constrained\" style=\"padding-right:0;padding-left:0\">\n<div style=\"height:41px\" aria-hidden=\"true\" class=\"wp-block-spacer\"><\/div>\n\n\n\n<div class=\"wp-block-group alignwide has-ti-accent-color has-text-color has-link-color wp-elements-a48524c72e2059d497dcedb1ecfbac59 is-content-justification-center is-nowrap is-layout-flex wp-container-core-group-is-layout-23441af8 wp-block-group-is-layout-flex\">\n<div id=\"wp-block-themeisle-blocks-font-awesome-icons-08461d12\" class=\"wp-block-themeisle-blocks-font-awesome-icons\"><span class=\"wp-block-themeisle-blocks-font-awesome-icons-container\"><i class=\"fas fa-arrow-circle-right\"><\/i><\/span><\/div>\n\n\n\n<h2 class=\"wp-block-heading alignwide has-ti-accent-color has-text-color has-link-color wp-elements-75f2f67e232aea354248db67d47da3e7\">Int\u00e9ress\u00e9 ? Intrigu\u00e9 ? Curieux ? <br>Contactez-nous !<\/h2>\n<\/div>\n\n\n\n<div style=\"height:41px\" aria-hidden=\"true\" class=\"wp-block-spacer\"><\/div>\n\n\n\n<div class=\"wp-block-columns is-layout-flex wp-container-core-columns-is-layout-cf05694f wp-block-columns-is-layout-flex\">\n<div class=\"wp-block-column is-layout-flow wp-block-column-is-layout-flow\" style=\"flex-basis:100%\">\n<div id=\"wp-block-themeisle-blocks-form-346b5dd6\" class=\"wp-block-themeisle-blocks-form\" data-option-name=\"bf9b28ff82ce323187abc5d0feb0d8f07ecd8436_346b5dd6\"><form class=\"otter-form__container\">\n<div id=\"wp-block-themeisle-blocks-form-input-7a7d6f42\" class=\"wp-block-themeisle-blocks-form-input\"><label for=\"wp-block-themeisle-blocks-form-input-7a7d6f42-input\" class=\"otter-form-input-label\"><span class=\"otter-form-input-label__label\"><em>Votre pr\u00e9nom, votre nom<\/em><\/span><span class=\"required\">*<\/span><\/label><input type=\"text\" id=\"wp-block-themeisle-blocks-form-input-7a7d6f42-input\" required class=\"otter-form-input\"\/><\/div>\n\n\n\n<div id=\"wp-block-themeisle-blocks-form-input-f8745400\" class=\"wp-block-themeisle-blocks-form-input\"><label for=\"wp-block-themeisle-blocks-form-input-f8745400-input\" class=\"otter-form-input-label\"><span class=\"otter-form-input-label__label\"><em>Votre entreprise<\/em><\/span><span class=\"required\">*<\/span><\/label><input type=\"text\" id=\"wp-block-themeisle-blocks-form-input-f8745400-input\" required class=\"otter-form-input\"\/><\/div>\n\n\n\n<div id=\"wp-block-themeisle-blocks-form-input-50b2af0b\" class=\"wp-block-themeisle-blocks-form-input\"><label for=\"wp-block-themeisle-blocks-form-input-50b2af0b-input\" class=\"otter-form-input-label\"><span class=\"otter-form-input-label__label\"><em>Votre email<\/em><\/span><span class=\"required\">*<\/span><\/label><input type=\"email\" id=\"wp-block-themeisle-blocks-form-input-50b2af0b-input\" required class=\"otter-form-input\"\/><\/div>\n\n\n<div class=\"protection\" aria-hidden=\"true\"><input type=\"hidden\" id=\"wp-block-themeisle-blocks-form-346b5dd6_nonce_field\" name=\"wp-block-themeisle-blocks-form-346b5dd6_nonce_field\" value=\"156a5b1869\" \/><input type=\"hidden\" name=\"_wp_http_referer\" value=\"\/index.php\/wp-json\/wp\/v2\/pages\/1113\" \/><input class=\"o-anti-bot\" type=\"checkbox\"><\/div>\n\n\n<div id=\"wp-block-themeisle-blocks-form-input-162629e2\" class=\"wp-block-themeisle-blocks-form-input\"><label for=\"wp-block-themeisle-blocks-form-input-162629e2-input\" class=\"otter-form-input-label\"><span class=\"otter-form-input-label__label\"><em>Votre t\u00e9l\u00e9phone<\/em><\/span><\/label><input type=\"text\" id=\"wp-block-themeisle-blocks-form-input-162629e2-input\" class=\"otter-form-input\"\/><\/div>\n\n\n\n<div id=\"wp-block-themeisle-blocks-form-textarea-fcb0e154\" class=\"wp-block-themeisle-blocks-form-textarea\"><label for=\"wp-block-themeisle-blocks-form-textarea-fcb0e154-input\" class=\"otter-form-textarea-label\"><span class=\"otter-form-textarea-label__label\"><em>Votre message<\/em><\/span><\/label><textarea id=\"wp-block-themeisle-blocks-form-textarea-fcb0e154-input\" rows=\"10\" class=\"otter-form-textarea-input\"><\/textarea><\/div>\n\n\n\n<p class=\"has-ti-accent-color has-text-color has-link-color has-extra-small-font-size wp-elements-a17176c1e7a7b6b6f6d5d99a94002762\">En soumettant ce formulaire de contact, vous acceptez que les informations saisies soient exploit\u00e9es dans le cadre de votre demande.<\/p>\n\n\n\n<p class=\"has-ti-accent-color has-text-color has-link-color has-small-font-size wp-elements-ce1b4950b9ec67c890628eeb929a4551\" style=\"margin-top:0;margin-bottom:0\">Pour conna\u00eetre et exercer vos droits, notamment de retrait de votre consentement \u00e0 l\u2019utilisation des donn\u00e9es collect\u00e9es par ce formulaire, veuillez consulter les conditions g\u00e9n\u00e9rales d\u2019utilisation li\u00e9es \u00e0 la&nbsp;<a href=\"https:\/\/www.ruptur.fr\/vos-donnees-personnelles\/\">gestion des donn\u00e9es personnelles<\/a>.<\/p>\n<div class=\"wp-block-button\"><button class=\"wp-block-button__link\" type=\"submit\">Submit<\/button><\/div><\/form><\/div>\n<\/div>\n<\/div>\n<\/div>\n","protected":false},"excerpt":{"rendered":"<p>In Principo en France www.inprincipo.com In Principo Paris60 rue de Richelieu75002 PARIS+33 1 53 05 99 75 In Principo Lyon3 cours Charlemagne69003 LYON In Principo Hauts de FranceCampus AGROTECHSquare Eug\u00e8ne Thomas&nbsp;59780 Willems&nbsp; In Principo Maine(en cours) Trois \u00e9volutions majeures bouleversent la dynamique des \u00e9volutions que nous vivons. Ces trois \u00e9volutions ensemble engendrent un contexte in\u00e9dit [&hellip;]<\/p>\n","protected":false},"author":1,"featured_media":0,"parent":0,"menu_order":0,"comment_status":"closed","ping_status":"closed","template":"wp-custom-template-pages-grande-largeur","meta":{"_themeisle_gutenberg_block_has_review":false,"footnotes":""},"class_list":["post-1113","page","type-page","status-publish","hentry"],"jetpack-related-posts":[{"id":361,"url":"https:\/\/inprincipo2024.inprincipo.com\/index.php\/distributeur-francais\/","url_meta":{"origin":1113,"position":0},"title":"\u00c9TUDE DE CAS : DISTRIBUTEUR FRAN\u00c7AIS","author":"In Principo","date":"10 septembre 2024","format":false,"excerpt":"Transformer la culture manag\u00e9riale op\u00e9rationnelle par un parcours de formation r\u00e9g\u00e9n\u00e9rant et transformant\u00a0 Comme tous les distributeurs, cette Enseigne a \u00e9t\u00e9 impact\u00e9e par les multiples \u00e9volutions de son m\u00e9tier et de la soci\u00e9t\u00e9 puis par les turbulences dans lesquelles nous vivons aujourd\u2019hui.\u2026 Mais ce distributeur ne r\u00e9agit pas comme les\u2026","rel":"","context":"Article similaire","block_context":{"text":"Article similaire","link":""},"img":{"alt_text":"","src":"","width":0,"height":0},"classes":[]},{"id":576,"url":"https:\/\/inprincipo2024.inprincipo.com\/index.php\/qui-sommes-nous\/","url_meta":{"origin":1113,"position":1},"title":"QUI SOMMES-NOUS ?","author":"In Principo","date":"18 septembre 2024","format":false,"excerpt":"QUI SOMMES-NOUS ? L'\u00c9QUIPE UN PEU D'HISTOIRE NOS PARTENAIRES In Principo en France www.inprincipo.com In Principo Paris60 rue de Richelieu75002 PARIS+33 1 53 05 99 75 In Principo Lyon3 cours Charlemagne69003 LYON In Principo Hauts de FranceCampus AGROTECHSquare Eug\u00e8ne Thomas\u00a059780 Willems\u00a0 Nous croyons, dans un monde en transition, turbulent et\u2026","rel":"","context":"Article similaire","block_context":{"text":"Article similaire","link":""},"img":{"alt_text":"","src":"","width":0,"height":0},"classes":[]},{"id":1127,"url":"https:\/\/inprincipo2024.inprincipo.com\/index.php\/la-methode\/","url_meta":{"origin":1113,"position":2},"title":"LA M\u00c9THODE","author":"In Principo","date":"15 octobre 2024","format":false,"excerpt":"LA M\u00c9THODE LES ACCOMPAGNEMENTS LES FORMATIONS LES PROGRAMMES In Principo en France www.inprincipo.com In Principo Paris60 rue de Richelieu75002 PARIS+33 1 53 05 99 75 In Principo Lyon3 cours Charlemagne69003 LYON In Principo Hauts de FranceCampus AGROTECHSquare Eug\u00e8ne Thomas\u00a059780 Willems\u00a0 In Principo Maine(en cours) La facilitation strat\u00e9gique In Principo se\u2026","rel":"","context":"Article similaire","block_context":{"text":"Article similaire","link":""},"img":{"alt_text":"","src":"","width":0,"height":0},"classes":[]},{"id":1115,"url":"https:\/\/inprincipo2024.inprincipo.com\/index.php\/les-dynamiques-collaboratives\/","url_meta":{"origin":1113,"position":3},"title":"LES DYNAMIQUES COLLABORATIVES","author":"In Principo","date":"15 octobre 2024","format":false,"excerpt":"LA FACILITATION STRAT\u00c9GIQUE TRANSITIONS, INCERTITUDES, TURBULENCES LES DYNAMIQUES COLLABORATIVES In Principo en France www.inprincipo.com In Principo Paris60 rue de Richelieu75002 PARIS+33 1 53 05 99 75 In Principo Lyon3 cours Charlemagne69003 LYON In Principo Hauts de FranceCampus AGROTECHSquare Eug\u00e8ne Thomas\u00a059780 Willems\u00a0 In Principo Maine(en cours) Dans un monde marqu\u00e9 par\u2026","rel":"","context":"Article similaire","block_context":{"text":"Article similaire","link":""},"img":{"alt_text":"","src":"https:\/\/i0.wp.com\/inprincipo2024.inprincipo.com\/wp-content\/uploads\/2025\/03\/Dynamique-Collaborative-by-In-Principo.png?resize=350%2C200&ssl=1","width":350,"height":200,"srcset":"https:\/\/i0.wp.com\/inprincipo2024.inprincipo.com\/wp-content\/uploads\/2025\/03\/Dynamique-Collaborative-by-In-Principo.png?resize=350%2C200&ssl=1 1x, https:\/\/i0.wp.com\/inprincipo2024.inprincipo.com\/wp-content\/uploads\/2025\/03\/Dynamique-Collaborative-by-In-Principo.png?resize=525%2C300&ssl=1 1.5x, https:\/\/i0.wp.com\/inprincipo2024.inprincipo.com\/wp-content\/uploads\/2025\/03\/Dynamique-Collaborative-by-In-Principo.png?resize=700%2C400&ssl=1 2x, https:\/\/i0.wp.com\/inprincipo2024.inprincipo.com\/wp-content\/uploads\/2025\/03\/Dynamique-Collaborative-by-In-Principo.png?resize=1050%2C600&ssl=1 3x"},"classes":[]},{"id":365,"url":"https:\/\/inprincipo2024.inprincipo.com\/index.php\/innovation-que-se-passe-t-il\/","url_meta":{"origin":1113,"position":4},"title":"Innovation\u00a0strat\u00e9gique : comment oser inventer l&rsquo;avenir dans un contexte turbulent ? 1\/2","author":"In Principo","date":"10 septembre 2024","format":false,"excerpt":"C\u2019est le taureau indomptable. L\u2019innovation impressionne, fait peur, puis est rejet\u00e9e comme une pratique en d\u00e9calage avec la p\u00e9riode. Elle est ador\u00e9e, financ\u00e9e, d\u00e9budg\u00e9t\u00e9e, c\u00e9l\u00e9br\u00e9e puis d\u00e9laiss\u00e9e. Il n\u2019a jamais \u00e9t\u00e9 facile d\u2019innover. Encore moins en 2025. Si l\u2019innovation est la capacit\u00e9 d\u2019une organisation \u00e0 r\u00e9inventer sa diff\u00e9renciation, \u00e0 cr\u00e9er\u2026","rel":"","context":"Article similaire","block_context":{"text":"Article similaire","link":""},"img":{"alt_text":"","src":"","width":0,"height":0},"classes":[]},{"id":1865,"url":"https:\/\/inprincipo2024.inprincipo.com\/index.php\/comment-apprivoiser-la-puissance-regeneratrice-des-ecosystemes\/","url_meta":{"origin":1113,"position":5},"title":"Comment apprivoiser la puissance r\u00e9g\u00e9n\u00e9ratrice des \u00e9cosyst\u00e8mes\u00a0?","author":"In Principo","date":"18 f\u00e9vrier 2025","format":false,"excerpt":"\u00c9cosyst\u00e8me ! Un mot valise aujourd'hui tiraill\u00e9 entre les territoires d\u2019innovation g\u00e9n\u00e9rateurs de startups et les milieux naturels vivants et menac\u00e9s par les exc\u00e8s de nos activit\u00e9s humaines.\u00a0 L\u2019\u00e9cosyst\u00e8me est inspirant car il proc\u00e8de du vivant. L\u2019\u00e9cosyst\u00e8me n\u2019est pas un processus, c\u2019est une dynamique qui engendre, qui cr\u00e9e, qui \u00e9chappe\u2026","rel":"","context":"Article similaire","block_context":{"text":"Article similaire","link":""},"img":{"alt_text":"","src":"","width":0,"height":0},"classes":[]}],"jetpack_sharing_enabled":true,"_links":{"self":[{"href":"https:\/\/inprincipo2024.inprincipo.com\/index.php\/wp-json\/wp\/v2\/pages\/1113","targetHints":{"allow":["GET"]}}],"collection":[{"href":"https:\/\/inprincipo2024.inprincipo.com\/index.php\/wp-json\/wp\/v2\/pages"}],"about":[{"href":"https:\/\/inprincipo2024.inprincipo.com\/index.php\/wp-json\/wp\/v2\/types\/page"}],"author":[{"embeddable":true,"href":"https:\/\/inprincipo2024.inprincipo.com\/index.php\/wp-json\/wp\/v2\/users\/1"}],"replies":[{"embeddable":true,"href":"https:\/\/inprincipo2024.inprincipo.com\/index.php\/wp-json\/wp\/v2\/comments?post=1113"}],"version-history":[{"count":8,"href":"https:\/\/inprincipo2024.inprincipo.com\/index.php\/wp-json\/wp\/v2\/pages\/1113\/revisions"}],"predecessor-version":[{"id":7505,"href":"https:\/\/inprincipo2024.inprincipo.com\/index.php\/wp-json\/wp\/v2\/pages\/1113\/revisions\/7505"}],"wp:attachment":[{"href":"https:\/\/inprincipo2024.inprincipo.com\/index.php\/wp-json\/wp\/v2\/media?parent=1113"}],"curies":[{"name":"wp","href":"https:\/\/api.w.org\/{rel}","templated":true}]}}