{"id":1061,"date":"2024-10-09T15:55:10","date_gmt":"2024-10-09T13:55:10","guid":{"rendered":"https:\/\/inprincipo2024.inprincipo.com\/?page_id=1061"},"modified":"2024-10-09T16:12:59","modified_gmt":"2024-10-09T14:12:59","slug":"un-peu-dhistoire","status":"publish","type":"page","link":"https:\/\/inprincipo2024.inprincipo.com\/index.php\/un-peu-dhistoire\/","title":{"rendered":"UN PEU D&rsquo;HISTOIRE"},"content":{"rendered":"\n<div class=\"wp-block-columns is-layout-flex wp-container-core-columns-is-layout-f5a44f5b wp-block-columns-is-layout-flex\">\n<div class=\"wp-block-column is-layout-flow wp-block-column-is-layout-flow\" style=\"flex-basis:25%\">\n<div class=\"wp-block-group is-layout-constrained wp-container-core-group-is-layout-0be64e95 wp-block-group-is-layout-constrained\" style=\"padding-right:var(--wp--preset--spacing--50)\">\n<div id=\"wp-block-themeisle-blocks-button-group-f312c158\" class=\"wp-block-themeisle-blocks-button-group wp-block-buttons align-full-desktop\">\n<div id=\"wp-block-themeisle-blocks-button-677a268b\" class=\"wp-block-themeisle-blocks-button wp-block-button\"><a href=\"https:\/\/inprincipo2024.inprincipo.com\/index.php\/qui-sommes-nous\/\" target=\"_self\" rel=\"noopener noreferrer\" class=\"wp-block-button__link\"><span>QUI SOMMES-NOUS ?<\/span><\/a><\/div>\n<\/div>\n\n\n\n<div id=\"wp-block-themeisle-blocks-button-group-832770dc\" class=\"wp-block-themeisle-blocks-button-group wp-block-buttons align-full-desktop\">\n<div id=\"wp-block-themeisle-blocks-button-f6ce75f2\" class=\"wp-block-themeisle-blocks-button wp-block-button\"><a href=\"https:\/\/inprincipo2024.inprincipo.com\/index.php\/lequipe\/\" target=\"_self\" rel=\"noopener noreferrer\" class=\"wp-block-button__link\"><span>L&rsquo;\u00c9QUIPE<\/span><\/a><\/div>\n<\/div>\n\n\n\n<div id=\"wp-block-themeisle-blocks-button-group-b317da1f\" class=\"wp-block-themeisle-blocks-button-group wp-block-buttons align-full-desktop\">\n<div id=\"wp-block-themeisle-blocks-button-e5563daf\" class=\"wp-block-themeisle-blocks-button wp-block-button\"><a target=\"_self\" rel=\"noopener noreferrer\" class=\"wp-block-button__link\"><span>UN PEU D&rsquo;HISTOIRE<\/span><\/a><\/div>\n<\/div>\n\n\n\n<div id=\"wp-block-themeisle-blocks-button-group-221e8f97\" class=\"wp-block-themeisle-blocks-button-group wp-block-buttons align-full-desktop\">\n<div id=\"wp-block-themeisle-blocks-button-33df447b\" class=\"wp-block-themeisle-blocks-button wp-block-button\"><a href=\"https:\/\/inprincipo2024.inprincipo.com\/index.php\/nos-partenaires\/\" target=\"_self\" rel=\"noopener noreferrer\" class=\"wp-block-button__link\"><span>NOS PARTENAIRES<\/span><\/a><\/div>\n<\/div>\n<\/div>\n\n\n\n<div style=\"height:57px\" aria-hidden=\"true\" class=\"wp-block-spacer\"><\/div>\n\n\n\n<h3 class=\"wp-block-heading\">In Principo en France<\/h3>\n\n\n\n<p><a href=\"http:\/\/www.inprincipo.com\/\">www.inprincipo.com<\/a><\/p>\n\n\n\n<p><strong>In Principo Paris<br><\/strong>60 rue de Richelieu<br>75002 PARIS<br>+33 1 53 05 99 75<\/p>\n\n\n\n<p><strong>In Principo Lyon<br><\/strong>3 cours Charlemagne<br>69003 LYON<\/p>\n\n\n\n<p><strong>In Principo Hauts de France<br><\/strong>Campus AGROTECH<br>Square Eug\u00e8ne Thomas&nbsp;<br>59780 Willems&nbsp;<\/p>\n\n\n\n<p><strong>In Principo Laval<br><\/strong>(en cours)<\/p>\n<\/div>\n\n\n\n<div class=\"wp-block-column is-layout-flow wp-block-column-is-layout-flow\" style=\"flex-basis:65%\">\n<p>Fond\u00e9e en 2002, In Principo est un pr\u00e9curseur du management collaboratif en France. In Principo s\u2019est cr\u00e9\u00e9 sur une prise de conscience\u00a0: les organisations sont, en l\u2019\u00e9tat, d\u00e9pass\u00e9es par la croissance exponentielle de la complexit\u00e9, des \u00e9volutions, des innovations. Le d\u00e9veloppement d\u2019une organisation ne repose pas que sur la qualit\u00e9 de ses processus et de son innovation mais de sa capacit\u00e9 profonde \u00e0 \u00e9voluer en continu dans son mode de fonctionnement. Ce qui devient d\u00e9terminant, c\u2019est sa capacit\u00e9 collaborative, la capacit\u00e9 du collectif \u00e0 \u00eatre intelligent avec ses \u00e9volutions, sa performance, sa strat\u00e9gie, sa capacit\u00e9 \u00e0 apprendre, \u00e0 se transformer en continu. La valeur d\u2019une organisation passe \u00ab\u00a0de ce qu\u2019elle est\u00a0\u00bb \u00e0 \u00ab\u00a0ce qu\u2019elle est capable de devenir.\u00a0\u00bb<\/p>\n\n\n\n<blockquote class=\"wp-block-quote is-layout-flow wp-block-quote-is-layout-flow\">\n<p>In Principo est engag\u00e9e depuis 2002\u00a0<br>sur la transformation des capacit\u00e9s collaboratives<br>des organisations et des territoires\u00a0\u00bb<\/p>\n<\/blockquote>\n\n\n\n<h2 class=\"wp-block-heading\">2002 \u2013 2008 | L\u2019\u00e9poque pionni\u00e8re du management collaboratif<\/h2>\n\n\n\n<p>Au sortir de la premi\u00e8re vague internet, le collaboratif est un enjeu d\u2019acc\u00e9l\u00e9ration de projet, de facilitation de transversalit\u00e9, de mobilisation de communaut\u00e9 professionnelle. In Principo excelle par son approche \u00e0 engendrer deux ph\u00e9nom\u00e8nes simultan\u00e9s&nbsp;et un impact signature : un puissant engagement d\u2019acteurs h\u00e9t\u00e9rog\u00e8nes sur un m\u00eame projet, une cr\u00e9ativit\u00e9 m\u00e9tier et op\u00e9rationnelle remarquable entre acteurs, ce qui engendre un impact signature, la d\u00e9cision. \u00ab&nbsp;Avec vous, je ne sais pas pourquoi, mais les projets se d\u00e9cident et ils vont jusqu\u2019au bout&nbsp;! \u00bb.<\/p>\n\n\n\n<p>Chez In Principo, nous prenons conscience que notre approche en toutes circonstances engendre \u00ab&nbsp;une dynamique&nbsp;\u00bb. Les participants deviennent acteurs de leurs propres enjeux d\u2019\u00e9volution.&nbsp;<\/p>\n\n\n\n<h2 class=\"wp-block-heading\">2009 \u2013 2012 | Naissance de la dynamique collaborative<\/h2>\n\n\n\n<p>De 2002 \u00e0 2008, nous sommes pass\u00e9s de la dynamique de projets transverses \u00e0 l\u2019innovation collaborative continue. La dynamique est notre signature. Nous d\u00e9cidons d\u2019en faire r\u00e9ellement notre base line&nbsp;: \u00ab&nbsp;Dynamiques Collaboratives&nbsp;\u00bb. La dynamique collaborative d\u00e9veloppe une puissance collaborative dans les groupes accompagn\u00e9s. Mais pourquoi nous savons l\u2019engendrer mieux que les autres. Comment expliciter, caract\u00e9riser ce savoir-faire&nbsp;? L\u2019explication est simple. Notre ADN est autant issu de la facilitation que de la sociodynamique. Nous pratiquons une facilitation qui travaille autant la dynamique des acteurs que la dynamique des actions. L\u2019une par l\u2019autre engendre alors une r\u00e9sultante d\u2019engagement, de coaction, de cocr\u00e9ation&nbsp;: la dynamique collaborative. En 2012, nos recherches aboutissent. Cette dynamique est engendr\u00e9e par 3 \u00e9nergies qui s\u2019appellent l\u2019une apr\u00e8s l\u2019autre&nbsp;: l\u2019\u00e9nergie de l\u2019engagement, l\u2019\u00e9nergie de la r\u00e9alisation, l\u2019\u00e9nergie de la r\u00e9g\u00e9n\u00e9ration. 3 p\u00f4les&nbsp;: coh\u00e9sion \/ sens \/ actions. 3 cl\u00e9s en facilitation&nbsp;: Leadership \/ architecture \/ postures. Le g\u00e9n\u00e9rateur engendre des designs puissants car l\u2019\u00e9nergie se cumule, s\u2019amplifie d\u2019une s\u00e9quence \u00e0 l\u2019autre. Nous appliquerons une version r\u00e9duite de cette approche aux formations au management de projet pour Leroy-Merlin. 57 formations seront r\u00e9alis\u00e9es de 2012 \u00e0 mars 2020 pour les magasins et le si\u00e8ge de la c\u00e9l\u00e8bre enseigne. Les participants deviennent acteurs et moteurs de leur propre projet d\u2019\u00e9volution. In Principo commence \u00e0 cette date \u00e0 appliquer les dynamiques collaboratives \u00e0 l\u2019open innovation puis aux \u00e9cosyst\u00e8mes.<\/p>\n\n\n\n<h2 class=\"wp-block-heading\">2013 \u2013 2017 | Premier essor de la transformation collaborative\u00a0<\/h2>\n\n\n\n<p>Cette capacit\u00e9 circulaire est un mod\u00e8le puissant. Encore quelque peu th\u00e9orique, nous l\u2019utilisons en interne, dans nos phases de pr\u00e9paration. Nous y formons les nouveaux membres de l\u2019\u00e9quipe In Principo mais nous ne le diffusons pas \u00e0 l\u2019ext\u00e9rieur. Trop complexe. Trop strat\u00e9gique. N\u2019emp\u00eache. Les d\u00e9marches de transformation que nous entreprenons d\u00e8s lors engendrent une puissante \u00e9nergie&nbsp;: prises de conscience \u00e9lev\u00e9es, visions novatrices, ambitions collectives. Les chantiers de transformation sont volontaires, puissants, coh\u00e9rents, port\u00e9s par l\u2019enthousiasme et r\u00e9alis\u00e9s sur des temp courts avec de vrais r\u00e9sultats op\u00e9rationnels&nbsp;: SNCF, Eurotunnel, Exco, Cr\u00e9dit Agricole, Ademe, vont profiter les premiers de cette capacit\u00e9 transformatrice pleinement assum\u00e9e. Les participants deviennent acteurs, moteurs et cr\u00e9ateurs de leurs propres dynamique d\u2019\u00e9volution. La pratique se met \u00e9galement en \u0153uvre sur de premiers \u00e9cosyst\u00e8mes.<\/p>\n\n\n\n<h2 class=\"wp-block-heading\">2018 \u2013 2022 | D\u2019une pratique de facilitation \u00e0 une puissante capacit\u00e9 manag\u00e9riale<\/h2>\n\n\n\n<p>En 2017, nous exp\u00e9rimentons avec EXCO le management par les dynamiques collaboratives. L\u2019entreprise d\u2019expertise comptable de 750 collaborateurs se d\u00e9finit &#8211; une fois transform\u00e9e -comme \u00ab&nbsp;Fertiliseurs d\u2019entreprise&nbsp;\u00bb. Nous cr\u00e9ons pour y r\u00e9pondre la formation \u00ab&nbsp;Managers Fertiliseurs&nbsp;\u00bb en 4 jours. C\u2019est un succ\u00e8s. L\u2019approche leur donne confiance&nbsp;: posture d\u2019activateur, rapport concret aux acteurs et aux actions, dynamique en cycle court. La formation engendre un v\u00e9ritable engagement des managers. Cette formation devient vite un must dans notre offre&nbsp;: \u00e9nerg\u00e9ticiens, grands acteurs de la distribution, ETI, PME.&nbsp;<\/p>\n\n\n\n<p>En 2018, les missions pour les dynamiques d\u2019\u00e9cosyst\u00e8me s\u2019acc\u00e9l\u00e8rent. En 2019, nous concevons alors notre premi\u00e8re formation sur ce th\u00e8me&nbsp;pour D\u00e9cathlon : \u00ab&nbsp;Comment initier et manager un \u00e9cosyst\u00e8me&nbsp;?&nbsp;\u00bb. La m\u00eame ann\u00e9e, nous pr\u00f4nons que les dynamiques collaboratives sont excellentes pour \u00ab&nbsp;manager dans l\u2019incertitude&nbsp;\u00bb. Un client nous fait confiance sur cette proposition avec un parcours sur 12 jours. Celui-ci sera surpris de valider la qualit\u00e9 de cette formation lors d\u2019une mise en situation impr\u00e9visible mi-mars 2020\u2026 En 2021, In Principo est certifi\u00e9 Qualiopi. En 2022, plusieurs clients s\u2019engagent avec succ\u00e8s sur les parcours management en dynamiques collaboratives. Il nous faut d\u00e8s lors distinguer la pratique de facilitation en dynamiques collaboratives de la capacit\u00e9 manag\u00e9riale que celle-ci engendre. Nous l\u2019appelons d\u00e8s lors&nbsp;: la Dynamique R\u00e9g\u00e9n\u00e9ractive\u00ae.&nbsp;<\/p>\n\n\n\n<h2 class=\"wp-block-heading\">2023\u2013 20\u2026 | De la capacit\u00e9 manag\u00e9riale \u00e0 la facilitation strat\u00e9gique<\/h2>\n\n\n\n<p>Equipe, management, projet, communication, innovation, RSE, strat\u00e9gie, \u00e9cosyst\u00e8me, les dynamiques collaboratives s\u2019appliquent \u00e0 toutes les dimensions cl\u00e9s de l\u2019entreprise ou du territoire. Elles transforment une performance limit\u00e9e en une dynamique coh\u00e9rente, \u00e9volutive, anticipatrice, port\u00e9e par tous. Elles permettent une bien plus grande intelligence de la trajectoire car l\u2019ensemble du syst\u00e8me peut \u00eatre sollicit\u00e9, mobilis\u00e9, \u00e0 diff\u00e9rents degr\u00e9s, en continu. Nous comprenons d\u00e8s lors que les dynamiques collaboratives sont strat\u00e9giques. Il y aura d\u00e9sormais d\u2019une part les entreprises en mode classique&nbsp;: conseill\u00e9es \u00e0 froid de l\u2019ext\u00e9rieur sur un plan d\u2019action, mobilisant \u00e0 minima les cadres et les managers, et des collaborateurs oubli\u00e9s, d\u00e9sabus\u00e9s, en perte de sens. Et de l\u2019autre, les organisations et les territoires en dynamiques collaboratives&nbsp;:&nbsp;<strong>une pleine pens\u00e9e strat\u00e9gique vivante&nbsp;<\/strong>nourrie tant de l\u2019int\u00e9rieur comme de l\u2019ext\u00e9rieure, mobilisant dans toute la profondeur de l\u2019organisation et de son \u00e9cosyst\u00e8me&nbsp;<strong>une v\u00e9ritable intelligence de l\u2019action<\/strong>&nbsp;: des \u00e9quipes et des partenaires en pleine \u00e9nergie, en pleine performance,&nbsp;dans une dynamique d\u2019\u00e9volution continue.&nbsp;<\/p>\n\n\n\n<p>Si l\u2019intelligence collective est n\u00e9cessaire partout, il nous faut ici une intelligence de l\u2019ensemble. La facilitation d\u00e8s lors ne peut plus \u00eatre autre chose que strat\u00e9gique.<\/p>\n\n\n\n<p>La facilitation strat\u00e9gique est la d\u00e9marche qui int\u00e8gre toutes ces dimensions&nbsp;: de l\u2019intelligence de la trajectoire \u00e0 l\u2019intelligence de l\u2019action, avec et par l\u2019intelligence de tous les acteurs et parties prenantes qui en constitue le syst\u00e8me. Organisations et \u00e9cosyst\u00e8mes sont de fait une m\u00eame r\u00e9alit\u00e9. Organisations et \u00e9cosyst\u00e8mes d\u00e9veloppent leur engagement, leur performance, leur vie collective et au-del\u00e0 leurs capacit\u00e9s d\u2019\u00e9volution par les dynamiques collaboratives.<\/p>\n\n\n\n<p>C\u2019est pour accompagner cet enjeu majeur de notre soci\u00e9t\u00e9 qu\u2019en 2024, In Principo devient Agence de Facilitation Strat\u00e9gique.<\/p>\n<\/div>\n\n\n\n<div class=\"wp-block-column is-layout-flow wp-block-column-is-layout-flow\" style=\"flex-basis:10%\"><\/div>\n<\/div>\n\n\n\n<div style=\"height:33px\" aria-hidden=\"true\" class=\"wp-block-spacer\"><\/div>\n\n\n\n<div class=\"wp-block-group has-ti-bg-background-color has-background is-layout-constrained wp-container-core-group-is-layout-79c9c7ea wp-block-group-is-layout-constrained\" style=\"padding-right:0;padding-left:0\">\n<div style=\"height:41px\" aria-hidden=\"true\" class=\"wp-block-spacer\"><\/div>\n\n\n\n<div class=\"wp-block-group alignwide has-ti-accent-color has-text-color has-link-color wp-elements-a48524c72e2059d497dcedb1ecfbac59 is-content-justification-center is-nowrap is-layout-flex wp-container-core-group-is-layout-23441af8 wp-block-group-is-layout-flex\">\n<div id=\"wp-block-themeisle-blocks-font-awesome-icons-08461d12\" class=\"wp-block-themeisle-blocks-font-awesome-icons\"><span class=\"wp-block-themeisle-blocks-font-awesome-icons-container\"><i class=\"fas fa-arrow-circle-right\"><\/i><\/span><\/div>\n\n\n\n<h2 class=\"wp-block-heading alignwide has-ti-accent-color has-text-color has-link-color wp-elements-75f2f67e232aea354248db67d47da3e7\">Int\u00e9ress\u00e9 ? Intrigu\u00e9 ? Curieux ? <br>Contactez-nous !<\/h2>\n<\/div>\n\n\n\n<div style=\"height:41px\" aria-hidden=\"true\" class=\"wp-block-spacer\"><\/div>\n\n\n\n<div class=\"wp-block-columns is-layout-flex wp-container-core-columns-is-layout-cf05694f wp-block-columns-is-layout-flex\">\n<div class=\"wp-block-column is-layout-flow wp-block-column-is-layout-flow\" style=\"flex-basis:100%\">\n<div id=\"wp-block-themeisle-blocks-form-346b5dd6\" class=\"wp-block-themeisle-blocks-form\" data-option-name=\"bf9b28ff82ce323187abc5d0feb0d8f07ecd8436_346b5dd6\"><form class=\"otter-form__container\">\n<div id=\"wp-block-themeisle-blocks-form-input-7a7d6f42\" class=\"wp-block-themeisle-blocks-form-input\"><label for=\"wp-block-themeisle-blocks-form-input-7a7d6f42-input\" class=\"otter-form-input-label\"><span class=\"otter-form-input-label__label\"><em>Votre pr\u00e9nom, votre nom<\/em><\/span><span class=\"required\">*<\/span><\/label><input type=\"text\" id=\"wp-block-themeisle-blocks-form-input-7a7d6f42-input\" required class=\"otter-form-input\"\/><\/div>\n\n\n\n<div id=\"wp-block-themeisle-blocks-form-input-f8745400\" class=\"wp-block-themeisle-blocks-form-input\"><label for=\"wp-block-themeisle-blocks-form-input-f8745400-input\" class=\"otter-form-input-label\"><span class=\"otter-form-input-label__label\"><em>Votre entreprise<\/em><\/span><span class=\"required\">*<\/span><\/label><input type=\"text\" id=\"wp-block-themeisle-blocks-form-input-f8745400-input\" required class=\"otter-form-input\"\/><\/div>\n\n\n\n<div id=\"wp-block-themeisle-blocks-form-input-50b2af0b\" class=\"wp-block-themeisle-blocks-form-input\"><label for=\"wp-block-themeisle-blocks-form-input-50b2af0b-input\" class=\"otter-form-input-label\"><span class=\"otter-form-input-label__label\"><em>Votre email<\/em><\/span><span class=\"required\">*<\/span><\/label><input type=\"email\" id=\"wp-block-themeisle-blocks-form-input-50b2af0b-input\" required class=\"otter-form-input\"\/><\/div>\n\n\n<div class=\"protection\" aria-hidden=\"true\"><input type=\"hidden\" id=\"wp-block-themeisle-blocks-form-346b5dd6_nonce_field\" name=\"wp-block-themeisle-blocks-form-346b5dd6_nonce_field\" value=\"11d5898cba\" \/><input type=\"hidden\" name=\"_wp_http_referer\" value=\"\/index.php\/wp-json\/wp\/v2\/pages\/1061\" \/><input class=\"o-anti-bot\" type=\"checkbox\"><\/div>\n\n\n<div id=\"wp-block-themeisle-blocks-form-input-162629e2\" class=\"wp-block-themeisle-blocks-form-input\"><label for=\"wp-block-themeisle-blocks-form-input-162629e2-input\" class=\"otter-form-input-label\"><span class=\"otter-form-input-label__label\"><em>Votre t\u00e9l\u00e9phone<\/em><\/span><\/label><input type=\"text\" id=\"wp-block-themeisle-blocks-form-input-162629e2-input\" class=\"otter-form-input\"\/><\/div>\n\n\n\n<div id=\"wp-block-themeisle-blocks-form-textarea-fcb0e154\" class=\"wp-block-themeisle-blocks-form-textarea\"><label for=\"wp-block-themeisle-blocks-form-textarea-fcb0e154-input\" class=\"otter-form-textarea-label\"><span class=\"otter-form-textarea-label__label\"><em>Votre message<\/em><\/span><\/label><textarea id=\"wp-block-themeisle-blocks-form-textarea-fcb0e154-input\" rows=\"10\" class=\"otter-form-textarea-input\"><\/textarea><\/div>\n\n\n\n<p class=\"has-ti-accent-color has-text-color has-link-color has-extra-small-font-size wp-elements-a17176c1e7a7b6b6f6d5d99a94002762\">En soumettant ce formulaire de contact, vous acceptez que les informations saisies soient exploit\u00e9es dans le cadre de votre demande.<\/p>\n\n\n\n<p class=\"has-ti-accent-color has-text-color has-link-color has-small-font-size wp-elements-ce1b4950b9ec67c890628eeb929a4551\" style=\"margin-top:0;margin-bottom:0\">Pour conna\u00eetre et exercer vos droits, notamment de retrait de votre consentement \u00e0 l\u2019utilisation des donn\u00e9es collect\u00e9es par ce formulaire, veuillez consulter les conditions g\u00e9n\u00e9rales d\u2019utilisation li\u00e9es \u00e0 la&nbsp;<a href=\"https:\/\/www.ruptur.fr\/vos-donnees-personnelles\/\">gestion des donn\u00e9es personnelles<\/a>.<\/p>\n<div class=\"wp-block-button\"><button class=\"wp-block-button__link\" type=\"submit\">Submit<\/button><\/div><\/form><\/div>\n<\/div>\n<\/div>\n<\/div>\n","protected":false},"excerpt":{"rendered":"<p>In Principo en France www.inprincipo.com In Principo Paris60 rue de Richelieu75002 PARIS+33 1 53 05 99 75 In Principo Lyon3 cours Charlemagne69003 LYON In Principo Hauts de FranceCampus AGROTECHSquare Eug\u00e8ne Thomas&nbsp;59780 Willems&nbsp; In Principo Laval(en cours) Fond\u00e9e en 2002, In Principo est un pr\u00e9curseur du management collaboratif en France. In Principo s\u2019est cr\u00e9\u00e9 sur une [&hellip;]<\/p>\n","protected":false},"author":1,"featured_media":0,"parent":0,"menu_order":0,"comment_status":"closed","ping_status":"closed","template":"wp-custom-template-pages-grande-largeur","meta":{"_themeisle_gutenberg_block_has_review":false,"footnotes":""},"class_list":["post-1061","page","type-page","status-publish","hentry"],"jetpack-related-posts":[{"id":525,"url":"https:\/\/inprincipo2024.inprincipo.com\/index.php\/des-transformations-epuisantes-aux-transformations-regeneratrices\/","url_meta":{"origin":1061,"position":0},"title":"Des transformations \u00e9puisantes\u00a0aux transformations r\u00e9g\u00e9n\u00e9ratrices\u00a0","author":"In Principo","date":"17 septembre 2024","format":false,"excerpt":"Transformation\u00a0? Un mot aujourd\u2019hui devenu synonyme d\u2019\u00e9puisement collectif, de contraintes, d\u2019injonctions. Combien de fois les espoirs initiaux engendrent l\u2019inverse du but recherch\u00e9\u00a0? Trop souvent la transformation ne touche qu\u2019aux proc\u00e9d\u00e9s et pas aux capacit\u00e9s, aux normes et non au vivant, \u00e0 ce qui contraint et non \u00e0 ce qui mobilise\u2026","rel":"","context":"Article similaire","block_context":{"text":"Article similaire","link":""},"img":{"alt_text":"","src":"","width":0,"height":0},"classes":[]},{"id":349,"url":"https:\/\/inprincipo2024.inprincipo.com\/index.php\/passer-le-mur-du-sens-pour-reinventer-la-performance\/","url_meta":{"origin":1061,"position":1},"title":"Cap sur la r\u00e9g\u00e9n\u00e9ration strat\u00e9gique","author":"In Principo","date":"10 septembre 2024","format":false,"excerpt":"Transformation\u00a0? Un mot devenu synonyme d\u2019\u00e9puisement collectif, de contraintes, d\u2019injonctions. Combien de fois les espoirs initiaux engendrent l\u2019inverse du but recherch\u00e9\u00a0? Trop souvent la transformation ne touche qu\u2019aux proc\u00e9d\u00e9s et pas aux capacit\u00e9s, aux normes et non au vivant, \u00e0 ce qui contraint et non \u00e0 ce qui mobilise l\u2019\u00e9nergie,\u2026","rel":"","context":"Article similaire","block_context":{"text":"Article similaire","link":""},"img":{"alt_text":"","src":"","width":0,"height":0},"classes":[]},{"id":2290,"url":"https:\/\/inprincipo2024.inprincipo.com\/index.php\/de-la-rse-a-la-csrd-les-nouveaux-defis-de-lengagement\/","url_meta":{"origin":1061,"position":2},"title":"De la RSE \u00e0 la CSRD, les nouveaux d\u00e9fis de l&rsquo;engagement","author":"Olivier Reaud","date":"8 mars 2025","format":false,"excerpt":"Nous avions longtemps esp\u00e9r\u00e9 la g\u00e9n\u00e9ralisation de la RSE \u00e0 toute l\u2019entreprise, \u00e0 toutes les entreprises. Bonne nouvelle, nous y sommes plus ou moins. Mais, alors que la RSE est d\u00e9sormais quasiment partout, elle entre, en 2025, dans le risque d\u2019une double crise du d\u00e9sengagement, associant sa banalisation dans le\u2026","rel":"","context":"Article similaire","block_context":{"text":"Article similaire","link":""},"img":{"alt_text":"","src":"","width":0,"height":0},"classes":[]},{"id":576,"url":"https:\/\/inprincipo2024.inprincipo.com\/index.php\/qui-sommes-nous\/","url_meta":{"origin":1061,"position":3},"title":"QUI SOMMES-NOUS ?","author":"In Principo","date":"18 septembre 2024","format":false,"excerpt":"QUI SOMMES-NOUS ? L'\u00c9QUIPE UN PEU D'HISTOIRE NOS PARTENAIRES In Principo en France www.inprincipo.com In Principo Paris60 rue de Richelieu75002 PARIS+33 1 53 05 99 75 In Principo Lyon3 cours Charlemagne69003 LYON In Principo Hauts de FranceCampus AGROTECHSquare Eug\u00e8ne Thomas\u00a059780 Willems\u00a0 Nous croyons, dans un monde en transition, turbulent et\u2026","rel":"","context":"Article similaire","block_context":{"text":"Article similaire","link":""},"img":{"alt_text":"","src":"","width":0,"height":0},"classes":[]},{"id":2493,"url":"https:\/\/inprincipo2024.inprincipo.com\/index.php\/de-lia-a-la-gouvernance-augmentee\/","url_meta":{"origin":1061,"position":4},"title":"De l&rsquo;IA \u00e0 la Gouvernance Augment\u00e9e&#8230;","author":"Olivier Reaud","date":"11 mars 2025","format":false,"excerpt":"L'Intelligence Collective s'est d\u00e9velopp\u00e9e dans de nombreuses sph\u00e8res de l'organisation - management, innovation, projets, RSE. \u00c9trangement peu en mati\u00e8re de Gouvernance. Il en est de m\u00eame pour l'IA. La puissance de la nouveaut\u00e9 est-elle un handicap \u00e0 l'\u00e9volution des pratiques de Gouvernance ? Et si la conjonction des deux \u00e9tait\u2026","rel":"","context":"Article similaire","block_context":{"text":"Article similaire","link":""},"img":{"alt_text":"","src":"","width":0,"height":0},"classes":[]},{"id":1091,"url":"https:\/\/inprincipo2024.inprincipo.com\/index.php\/nos-partenaires\/","url_meta":{"origin":1061,"position":5},"title":"NOS PARTENAIRES","author":"In Principo","date":"9 octobre 2024","format":false,"excerpt":"QUI SOMMES-NOUS ? L'\u00c9QUIPE UN PEU D'HISTOIRE NOS PARTENAIRES In Principo en France www.inprincipo.com In Principo Paris60 rue de Richelieu75002 PARIS+33 1 53 05 99 75 In Principo Lyon3 cours Charlemagne69003 LYON In Principo Hauts de FranceCampus AGROTECHSquare Eug\u00e8ne Thomas\u00a059780 Willems\u00a0 In Principo Laval(en cours) In Principo s\u2019appuie sur un\u2026","rel":"","context":"Article similaire","block_context":{"text":"Article similaire","link":""},"img":{"alt_text":"","src":"","width":0,"height":0},"classes":[]}],"jetpack_sharing_enabled":true,"_links":{"self":[{"href":"https:\/\/inprincipo2024.inprincipo.com\/index.php\/wp-json\/wp\/v2\/pages\/1061","targetHints":{"allow":["GET"]}}],"collection":[{"href":"https:\/\/inprincipo2024.inprincipo.com\/index.php\/wp-json\/wp\/v2\/pages"}],"about":[{"href":"https:\/\/inprincipo2024.inprincipo.com\/index.php\/wp-json\/wp\/v2\/types\/page"}],"author":[{"embeddable":true,"href":"https:\/\/inprincipo2024.inprincipo.com\/index.php\/wp-json\/wp\/v2\/users\/1"}],"replies":[{"embeddable":true,"href":"https:\/\/inprincipo2024.inprincipo.com\/index.php\/wp-json\/wp\/v2\/comments?post=1061"}],"version-history":[{"count":4,"href":"https:\/\/inprincipo2024.inprincipo.com\/index.php\/wp-json\/wp\/v2\/pages\/1061\/revisions"}],"predecessor-version":[{"id":1096,"href":"https:\/\/inprincipo2024.inprincipo.com\/index.php\/wp-json\/wp\/v2\/pages\/1061\/revisions\/1096"}],"wp:attachment":[{"href":"https:\/\/inprincipo2024.inprincipo.com\/index.php\/wp-json\/wp\/v2\/media?parent=1061"}],"curies":[{"name":"wp","href":"https:\/\/api.w.org\/{rel}","templated":true}]}}